{"id":3036,"date":"2026-01-29T17:30:55","date_gmt":"2026-01-29T14:30:55","guid":{"rendered":"https:\/\/wiki.dev.voka.io\/glossary\/carie-ossea-em-otologia\/"},"modified":"2026-01-29T17:30:59","modified_gmt":"2026-01-29T14:30:59","slug":"carie-ossea-em-otologia","status":"publish","type":"glossary_item","link":"https:\/\/wiki.dev.voka.io\/pt\/glossario\/carie-ossea-em-otologia\/","title":{"rendered":"C\u00e1rie \u00f3ssea (em otologia)"},"content":{"rendered":"\n<p>A c\u00e1rie \u00f3ssea em otologia (do latim <em>caries<\/em> \u2014putrefa\u00e7\u00e3o) \u00e9 um termo historicamente estabelecido na otorrinolaringologia que descreve o processo lento e cr\u00f3nico de inflama\u00e7\u00e3o purulenta-necr\u00f3tica do tecido \u00f3sseo do osso temporal e dos oss\u00edculos auditivos.<\/p>\n\n<p>Na terminologia m\u00e9dica moderna, essa condi\u00e7\u00e3o \u00e9 definida com maior precis\u00e3o como oste\u00edte cr\u00f3nica ou osteomielite. O processo \u00e9 caracterizado pela degrada\u00e7\u00e3o gradual (destrui\u00e7\u00e3o) e desintegra\u00e7\u00e3o do osso devido \u00e0 inflama\u00e7\u00e3o prolongada. A causa mais comum de c\u00e1rie \u00f3ssea no ouvido m\u00e9dio \u00e9 o colesteatoma.<\/p>\n\n<h2 class=\"wp-block-heading\" id=\"h-&#x44D;&#x442;&#x438;&#x43E;&#x43B;&#x43E;&#x433;&#x438;&#x44F;-&#x438;-&#x43F;&#x430;&#x442;&#x43E;&#x444;&#x438;&#x437;&#x438;&#x43E;&#x43B;&#x43E;&#x433;&#x438;&#x44F;\"><strong>Etiologia e fisiopatologia<\/strong><\/h2>\n\n<p>A destrui\u00e7\u00e3o \u00f3ssea na otite m\u00e9dia cr\u00f3nica \u00e9 um processo multifatorial que se baseia nos efeitos da infec\u00e7\u00e3o prolongada e da press\u00e3o sobre as estruturas \u00f3sseas.<\/p>\n\n<p>Principais causas e mecanismos:<\/p>\n\n<ul class=\"wp-block-list\">\n<li><strong>Colesteatoma:<\/strong> \u00c9 a principal causa. A matriz do colesteatoma produz enzimas agressivas (colagenases, proteases) que dissolvem diretamente o osso. Al\u00e9m disso, o colesteatoma em crescimento exerce press\u00e3o sobre as paredes \u00f3sseas, prejudicando o seu suprimento sangu\u00edneo (isquemia) e causando reabsor\u00e7\u00e3o.<\/li>\n\n\n\n<li><strong>Otite m\u00e9dia purulenta cr\u00f3nica (sem colesteatoma): <\/strong>Granula\u00e7\u00f5es e p\u00f3lipos de longa data, bem como exsudato purulento, podem perturbar a nutri\u00e7\u00e3o \u00f3ssea e levar \u00e0 sua eros\u00e3o gradual.<\/li>\n\n\n\n<li><strong>Infec\u00e7\u00f5es espec\u00edficas:<\/strong> Tuberculose ou s\u00edfilis do ouvido (raras).<\/li>\n\n\n\n<li><strong>Neoplasias malignas:<\/strong> Cancro do ouvido m\u00e9dio.<\/li>\n<\/ul>\n\n<p>Os ossos auditivos s\u00e3o os mais vulner\u00e1veis ao processo carioso, especialmente o processo longo da bigorna, devido \u00e0 sua estrutura fina e escasso suprimento sangu\u00edneo. Tamb\u00e9m s\u00e3o frequentemente afetadas as paredes do \u00e1tico (parte superior da cavidade timp\u00e2nica) e as estruturas do processo mastoide.<\/p>\n\n<h2 class=\"wp-block-heading\" id=\"h-&#x43A;&#x43B;&#x438;&#x43D;&#x438;&#x447;&#x435;&#x441;&#x43A;&#x43E;&#x435;-&#x437;&#x43D;&#x430;&#x447;&#x435;&#x43D;&#x438;&#x435;\"><strong>Import\u00e2ncia cl\u00ednica<\/strong><\/h2>\n\n<p>As manifesta\u00e7\u00f5es cl\u00ednicas da c\u00e1rie \u00f3ssea correspondem aos sintomas da doen\u00e7a subjacente que a provocou (na maioria das vezes, otite m\u00e9dia cr\u00f3nica colesteatomatosa).<\/p>\n\n<p>Principais sintomas:<\/p>\n\n<ul class=\"wp-block-list\">\n<li><strong>Secre\u00e7\u00f5es purulentas constantes ou intermitentes do ouvido,<\/strong> frequentemente com um odor forte, desagrad\u00e1vel e p\u00fatrido.<\/li>\n\n\n\n<li><strong>Perda auditiva progressiva,<\/strong> geralmente do tipo condutivo ou misto, causada pela destrui\u00e7\u00e3o do t\u00edmpano e da cadeia ossicular.<\/li>\n\n\n\n<li><strong>Sinais de complica\u00e7\u00f5es (com a propaga\u00e7\u00e3o da destrui\u00e7\u00e3o):<\/strong>Tontura (com a forma\u00e7\u00e3o de f\u00edstula labir\u00edntica), paresia do nervo facial (com a destrui\u00e7\u00e3o da parede do canal do nervo facial), dor de cabe\u00e7a.<\/li>\n<\/ul>\n\n<p>O padr\u00e3o ouro para o diagn\u00f3stico de destrui\u00e7\u00e3o \u00f3ssea no ouvido \u00e9 a tomografia computorizada (TC) de alta resolu\u00e7\u00e3o dos ossos temporais. A TC permite avaliar detalhadamente o estado dos oss\u00edculos auditivos, das paredes da cavidade timp\u00e2nica e do processo mastoide, revelar a presen\u00e7a e a extens\u00e3o da colesteatoma e planear a extens\u00e3o da interven\u00e7\u00e3o cir\u00fargica.<\/p>\n\n<p>O tratamento da c\u00e1rie \u00f3ssea \u00e9 sempre cir\u00fargico. Consiste em uma opera\u00e7\u00e3o de limpeza do ouvido m\u00e9dio, visando a remo\u00e7\u00e3o completa dos tecidos patol\u00f3gicos (colesteatoma, granula\u00e7\u00f5es) e todas as \u00e1reas necr\u00f3ticas do osso.<\/p>\n\n<h2 class=\"wp-block-heading\" id=\"h-&#x434;&#x438;&#x444;&#x444;&#x435;&#x440;&#x435;&#x43D;&#x446;&#x438;&#x430;&#x43B;&#x44C;&#x43D;&#x43E;-&#x434;&#x438;&#x430;&#x433;&#x43D;&#x43E;&#x441;&#x442;&#x438;&#x447;&#x435;&#x441;&#x43A;&#x438;&#x435;-&#x430;&#x441;&#x43F;&#x435;&#x43A;&#x442;&#x44B;\"><strong>Aspectos de diagn\u00f3stico diferencial<\/strong><\/h2>\n\n<p>A principal tarefa diagn\u00f3stica \u00e9 determinar a causa da destrui\u00e7\u00e3o \u00f3ssea. A colesteatoma na TC parece uma massa mole que causa uma eros\u00e3o \u00f3ssea bem definida. Deve ser diferenciado de um tumor maligno, que \u00e9 caracterizado por um crescimento mais agressivo e infiltrativo, com contornos irregulares de destrui\u00e7\u00e3o. A otite granulomatosa cr\u00f3nica sem colesteatoma geralmente causa uma eros\u00e3o \u00f3ssea menos acentuada, do tipo &#8220;corro\u00edda&#8221;. O diagn\u00f3stico definitivo \u00e9 geralmente estabelecido durante a cirurgia e confirmado por exame histol\u00f3gico do tecido removido.<\/p>\n","protected":false},"excerpt":{"rendered":"<p>A c\u00e1rie \u00f3ssea em otologia (do latim caries \u2014putrefa\u00e7\u00e3o) \u00e9 um termo historicamente estabelecido na otorrinolaringologia que descreve o processo lento e cr\u00f3nico de inflama\u00e7\u00e3o purulenta-necr\u00f3tica do tecido \u00f3sseo do osso temporal e dos oss\u00edculos auditivos.<\/p>\n","protected":false},"featured_media":0,"template":"","class_list":["post-3036","glossary_item","type-glossary_item","status-publish","hentry"],"acf":[],"yoast_head":"<!-- This site is optimized with the Yoast SEO Premium plugin v25.0 (Yoast SEO v26.5) - https:\/\/yoast.com\/wordpress\/plugins\/seo\/ -->\n<title>C\u00e1rie \u00f3ssea (em otologia): defini\u00e7\u00e3o m\u00e9dica e vis\u00e3o geral | Voka Wiki<\/title>\n<meta name=\"description\" content=\"A c\u00e1rie \u00f3ssea em otologia (do latim caries \u2014putrefa\u00e7\u00e3o) \u00e9 um termo historicamente estabelecido na otorrinolaringologia que descreve o processo lento e cr\u00f3nico de inflama\u00e7\u00e3o purulenta-necr\u00f3tica do tecido \u00f3sseo do osso temporal e dos oss\u00edculos auditivos.\" \/>\n<meta name=\"robots\" content=\"noindex, follow, max-snippet:-1, max-image-preview:large, max-video-preview:-1\" \/>\n<meta property=\"og:locale\" content=\"pt_PT\" \/>\n<meta property=\"og:type\" content=\"article\" \/>\n<meta property=\"og:title\" content=\"C\u00e1rie \u00f3ssea (em otologia)\" \/>\n<meta property=\"og:description\" content=\"A c\u00e1rie \u00f3ssea em otologia (do latim caries \u2014putrefa\u00e7\u00e3o) \u00e9 um termo historicamente estabelecido na otorrinolaringologia que descreve o processo lento e cr\u00f3nico de inflama\u00e7\u00e3o purulenta-necr\u00f3tica do tecido \u00f3sseo do osso temporal e dos oss\u00edculos auditivos.\" \/>\n<meta property=\"og:url\" content=\"https:\/\/wiki.dev.voka.io\/pt\/glossario\/carie-ossea-em-otologia\/\" \/>\n<meta property=\"og:site_name\" content=\"Voka Wiki\" \/>\n<meta property=\"article:publisher\" content=\"https:\/\/www.facebook.com\/VOKA3DAnatomyAndPathology\/\" \/>\n<meta property=\"article:modified_time\" content=\"2026-01-29T14:30:59+00:00\" \/>\n<meta name=\"twitter:card\" content=\"summary_large_image\" \/>\n<meta name=\"twitter:label1\" content=\"Tempo estimado de leitura\" \/>\n\t<meta name=\"twitter:data1\" content=\"3 minutos\" \/>\n<script type=\"application\/ld+json\" class=\"yoast-schema-graph\">{\"@context\":\"https:\/\/schema.org\",\"@graph\":[{\"@type\":\"WebPage\",\"@id\":\"https:\/\/wiki.dev.voka.io\/pt\/glossario\/carie-ossea-em-otologia\/\",\"url\":\"https:\/\/wiki.dev.voka.io\/pt\/glossario\/carie-ossea-em-otologia\/\",\"name\":\"C\u00e1rie \u00f3ssea (em otologia): defini\u00e7\u00e3o m\u00e9dica e vis\u00e3o geral | Voka Wiki\",\"isPartOf\":{\"@id\":\"https:\/\/wiki.dev.voka.io\/pt\/#website\"},\"datePublished\":\"2026-01-29T14:30:55+00:00\",\"dateModified\":\"2026-01-29T14:30:59+00:00\",\"description\":\"A c\u00e1rie \u00f3ssea em otologia (do latim caries \u2014putrefa\u00e7\u00e3o) \u00e9 um termo historicamente estabelecido na otorrinolaringologia que descreve o processo lento e cr\u00f3nico de inflama\u00e7\u00e3o purulenta-necr\u00f3tica do tecido \u00f3sseo do osso temporal e dos oss\u00edculos auditivos.\",\"breadcrumb\":{\"@id\":\"https:\/\/wiki.dev.voka.io\/pt\/glossario\/carie-ossea-em-otologia\/#breadcrumb\"},\"inLanguage\":\"pt-PT\",\"potentialAction\":[{\"@type\":\"ReadAction\",\"target\":[\"https:\/\/wiki.dev.voka.io\/pt\/glossario\/carie-ossea-em-otologia\/\"]}]},{\"@type\":\"BreadcrumbList\",\"@id\":\"https:\/\/wiki.dev.voka.io\/pt\/glossario\/carie-ossea-em-otologia\/#breadcrumb\",\"itemListElement\":[{\"@type\":\"ListItem\",\"position\":1,\"name\":\"Home\",\"item\":\"https:\/\/wiki.dev.voka.io\/pt\/\"},{\"@type\":\"ListItem\",\"position\":2,\"name\":\"Gloss\u00e1rio\",\"item\":\"https:\/\/wiki.dev.voka.io\/pt\/glossario\/\"},{\"@type\":\"ListItem\",\"position\":3,\"name\":\"C\u00e1rie \u00f3ssea (em otologia)\"}]},{\"@type\":\"WebSite\",\"@id\":\"https:\/\/wiki.dev.voka.io\/pt\/#website\",\"url\":\"https:\/\/wiki.dev.voka.io\/pt\/\",\"name\":\"Voka Wiki\",\"description\":\"\",\"publisher\":{\"@id\":\"https:\/\/wiki.dev.voka.io\/pt\/#organization\"},\"alternateName\":\"Anatomy & Pathology Wiki by VOKA\",\"potentialAction\":[{\"@type\":\"SearchAction\",\"target\":{\"@type\":\"EntryPoint\",\"urlTemplate\":\"https:\/\/wiki.dev.voka.io\/pt\/?s={search_term_string}\"},\"query-input\":{\"@type\":\"PropertyValueSpecification\",\"valueRequired\":true,\"valueName\":\"search_term_string\"}}],\"inLanguage\":\"pt-PT\"},{\"@type\":\"Organization\",\"@id\":\"https:\/\/wiki.dev.voka.io\/pt\/#organization\",\"name\":\"Voka 3D Anatomy & Pathology\",\"alternateName\":\"VOKA\",\"url\":\"https:\/\/wiki.dev.voka.io\/pt\/\",\"logo\":{\"@type\":\"ImageObject\",\"inLanguage\":\"pt-PT\",\"@id\":\"https:\/\/wiki.dev.voka.io\/pt\/#\/schema\/logo\/image\/\",\"url\":\"https:\/\/wiki.dev.voka.io\/wp-content\/uploads\/2025\/02\/cropped-voka-logo-1.png\",\"contentUrl\":\"https:\/\/wiki.dev.voka.io\/wp-content\/uploads\/2025\/02\/cropped-voka-logo-1.png\",\"width\":70,\"height\":16,\"caption\":\"Voka 3D Anatomy & Pathology\"},\"image\":{\"@id\":\"https:\/\/wiki.dev.voka.io\/pt\/#\/schema\/logo\/image\/\"},\"sameAs\":[\"https:\/\/www.facebook.com\/VOKA3DAnatomyAndPathology\/\",\"https:\/\/www.instagram.com\/voka.io\/\",\"https:\/\/www.linkedin.com\/company\/voka-io\/\",\"https:\/\/www.youtube.com\/channel\/UCqGGuOEpr62ScH8Pjk2q5zw\/videos\",\"https:\/\/www.pinterest.com\/VokaAnatomyPro\/\",\"https:\/\/www.threads.com\/@voka.io\"],\"description\":\"VOKA.io offers 3D medical animations and custom 3D modeling services. Our product, VOKA 3D Anatomy & Pathology, is a digital atlas with over 1,000 detailed 3D models of human anatomy and pathology, designed for medical education, training, and patient communication.\",\"email\":\"info@voka.io\",\"telephone\":\"+1 814 351 4442\",\"legalName\":\"Voka 3D Anatomy & Pathology\",\"foundingDate\":\"2017-02-12\",\"naics\":\"541512\",\"numberOfEmployees\":{\"@type\":\"QuantitativeValue\",\"minValue\":\"51\",\"maxValue\":\"200\"},\"publishingPrinciples\":\"https:\/\/wiki.voka.io\/pt\/principios-de-publicacao\/\"}]}<\/script>\n<!-- \/ Yoast SEO Premium plugin. -->","yoast_head_json":{"title":"C\u00e1rie \u00f3ssea (em otologia): defini\u00e7\u00e3o m\u00e9dica e vis\u00e3o geral | Voka Wiki","description":"A c\u00e1rie \u00f3ssea em otologia (do latim caries \u2014putrefa\u00e7\u00e3o) \u00e9 um termo historicamente estabelecido na otorrinolaringologia que descreve o processo lento e cr\u00f3nico de inflama\u00e7\u00e3o purulenta-necr\u00f3tica do tecido \u00f3sseo do osso temporal e dos oss\u00edculos auditivos.","robots":{"index":"noindex","follow":"follow","max-snippet":"max-snippet:-1","max-image-preview":"max-image-preview:large","max-video-preview":"max-video-preview:-1"},"og_locale":"pt_PT","og_type":"article","og_title":"C\u00e1rie \u00f3ssea (em otologia)","og_description":"A c\u00e1rie \u00f3ssea em otologia (do latim caries \u2014putrefa\u00e7\u00e3o) \u00e9 um termo historicamente estabelecido na otorrinolaringologia que descreve o processo lento e cr\u00f3nico de inflama\u00e7\u00e3o purulenta-necr\u00f3tica do tecido \u00f3sseo do osso temporal e dos oss\u00edculos auditivos.","og_url":"https:\/\/wiki.dev.voka.io\/pt\/glossario\/carie-ossea-em-otologia\/","og_site_name":"Voka Wiki","article_publisher":"https:\/\/www.facebook.com\/VOKA3DAnatomyAndPathology\/","article_modified_time":"2026-01-29T14:30:59+00:00","twitter_card":"summary_large_image","twitter_misc":{"Tempo estimado de leitura":"3 minutos"},"schema":{"@context":"https:\/\/schema.org","@graph":[{"@type":"WebPage","@id":"https:\/\/wiki.dev.voka.io\/pt\/glossario\/carie-ossea-em-otologia\/","url":"https:\/\/wiki.dev.voka.io\/pt\/glossario\/carie-ossea-em-otologia\/","name":"C\u00e1rie \u00f3ssea (em otologia): defini\u00e7\u00e3o m\u00e9dica e vis\u00e3o geral | Voka Wiki","isPartOf":{"@id":"https:\/\/wiki.dev.voka.io\/pt\/#website"},"datePublished":"2026-01-29T14:30:55+00:00","dateModified":"2026-01-29T14:30:59+00:00","description":"A c\u00e1rie \u00f3ssea em otologia (do latim caries \u2014putrefa\u00e7\u00e3o) \u00e9 um termo historicamente estabelecido na otorrinolaringologia que descreve o processo lento e cr\u00f3nico de inflama\u00e7\u00e3o purulenta-necr\u00f3tica do tecido \u00f3sseo do osso temporal e dos oss\u00edculos auditivos.","breadcrumb":{"@id":"https:\/\/wiki.dev.voka.io\/pt\/glossario\/carie-ossea-em-otologia\/#breadcrumb"},"inLanguage":"pt-PT","potentialAction":[{"@type":"ReadAction","target":["https:\/\/wiki.dev.voka.io\/pt\/glossario\/carie-ossea-em-otologia\/"]}]},{"@type":"BreadcrumbList","@id":"https:\/\/wiki.dev.voka.io\/pt\/glossario\/carie-ossea-em-otologia\/#breadcrumb","itemListElement":[{"@type":"ListItem","position":1,"name":"Home","item":"https:\/\/wiki.dev.voka.io\/pt\/"},{"@type":"ListItem","position":2,"name":"Gloss\u00e1rio","item":"https:\/\/wiki.dev.voka.io\/pt\/glossario\/"},{"@type":"ListItem","position":3,"name":"C\u00e1rie \u00f3ssea (em otologia)"}]},{"@type":"WebSite","@id":"https:\/\/wiki.dev.voka.io\/pt\/#website","url":"https:\/\/wiki.dev.voka.io\/pt\/","name":"Voka Wiki","description":"","publisher":{"@id":"https:\/\/wiki.dev.voka.io\/pt\/#organization"},"alternateName":"Anatomy & Pathology Wiki by VOKA","potentialAction":[{"@type":"SearchAction","target":{"@type":"EntryPoint","urlTemplate":"https:\/\/wiki.dev.voka.io\/pt\/?s={search_term_string}"},"query-input":{"@type":"PropertyValueSpecification","valueRequired":true,"valueName":"search_term_string"}}],"inLanguage":"pt-PT"},{"@type":"Organization","@id":"https:\/\/wiki.dev.voka.io\/pt\/#organization","name":"Voka 3D Anatomy & Pathology","alternateName":"VOKA","url":"https:\/\/wiki.dev.voka.io\/pt\/","logo":{"@type":"ImageObject","inLanguage":"pt-PT","@id":"https:\/\/wiki.dev.voka.io\/pt\/#\/schema\/logo\/image\/","url":"https:\/\/wiki.dev.voka.io\/wp-content\/uploads\/2025\/02\/cropped-voka-logo-1.png","contentUrl":"https:\/\/wiki.dev.voka.io\/wp-content\/uploads\/2025\/02\/cropped-voka-logo-1.png","width":70,"height":16,"caption":"Voka 3D Anatomy & Pathology"},"image":{"@id":"https:\/\/wiki.dev.voka.io\/pt\/#\/schema\/logo\/image\/"},"sameAs":["https:\/\/www.facebook.com\/VOKA3DAnatomyAndPathology\/","https:\/\/www.instagram.com\/voka.io\/","https:\/\/www.linkedin.com\/company\/voka-io\/","https:\/\/www.youtube.com\/channel\/UCqGGuOEpr62ScH8Pjk2q5zw\/videos","https:\/\/www.pinterest.com\/VokaAnatomyPro\/","https:\/\/www.threads.com\/@voka.io"],"description":"VOKA.io offers 3D medical animations and custom 3D modeling services. Our product, VOKA 3D Anatomy & Pathology, is a digital atlas with over 1,000 detailed 3D models of human anatomy and pathology, designed for medical education, training, and patient communication.","email":"info@voka.io","telephone":"+1 814 351 4442","legalName":"Voka 3D Anatomy & Pathology","foundingDate":"2017-02-12","naics":"541512","numberOfEmployees":{"@type":"QuantitativeValue","minValue":"51","maxValue":"200"},"publishingPrinciples":"https:\/\/wiki.voka.io\/pt\/principios-de-publicacao\/"}]}},"_links":{"self":[{"href":"https:\/\/wiki.dev.voka.io\/pt\/wp-json\/wp\/v2\/glossary_item\/3036","targetHints":{"allow":["GET"]}}],"collection":[{"href":"https:\/\/wiki.dev.voka.io\/pt\/wp-json\/wp\/v2\/glossary_item"}],"about":[{"href":"https:\/\/wiki.dev.voka.io\/pt\/wp-json\/wp\/v2\/types\/glossary_item"}],"wp:attachment":[{"href":"https:\/\/wiki.dev.voka.io\/pt\/wp-json\/wp\/v2\/media?parent=3036"}],"curies":[{"name":"wp","href":"https:\/\/api.w.org\/{rel}","templated":true}]}}