{"id":2698,"date":"2026-02-12T16:09:53","date_gmt":"2026-02-12T13:09:53","guid":{"rendered":"https:\/\/wiki.dev.voka.io\/glossary\/abscesso-parafaringeo\/"},"modified":"2026-01-29T17:46:38","modified_gmt":"2026-01-29T14:46:38","slug":"abscesso-parafaringeo","status":"publish","type":"glossary_item","link":"https:\/\/wiki.dev.voka.io\/pt\/glossario\/abscesso-parafaringeo\/","title":{"rendered":"Abscesso parafar\u00edngeo"},"content":{"rendered":"\n<p>Abscesso parafar\u00edngeo (do latim <em>abscessus parapharyngealis<\/em>) \u00e9 a forma\u00e7\u00e3o de um ac\u00famulo limitado de pus em um espa\u00e7o adjacente \u00e0 faringe (parafar\u00edngeo) do pesco\u00e7o. Essa condi\u00e7\u00e3o \u00e9 classificada como um fleim\u00e3o profundo e um abscesso cervical, representando uma s\u00e9ria amea\u00e7a \u00e0 vida devido ao risco de desenvolvimento de complica\u00e7\u00f5es graves.<\/p>\n\n<p>O perigo dessa patologia reside na localiza\u00e7\u00e3o anat\u00f4mica do espa\u00e7o parafar\u00edngeo, que cont\u00e9m estruturas vitais: a art\u00e9ria car\u00f3tida, a veia jugular interna e os nervos cranianos (IX, X, XI e XII). A Dissemina\u00e7\u00e3o da inflama\u00e7\u00e3o purulenta pode levar a danos nessas estruturas e ao desenvolvimento r\u00e1pido da sepse.<\/p>\n\n<h2 class=\"wp-block-heading\" id=\"h-&#x44D;&#x442;&#x438;&#x43E;&#x43B;&#x43E;&#x433;&#x438;&#x44F;-&#x438;-&#x43F;&#x430;&#x442;&#x43E;&#x444;&#x438;&#x437;&#x438;&#x43E;&#x43B;&#x43E;&#x433;&#x438;&#x44F;\"><strong>Etiologia e fisiopatologia<\/strong><\/h2>\n\n<p>O espa\u00e7o parafar\u00edngeo \u00e9 uma fissura localizada lateralmente \u00e0 faringe, que se estende da base do cr\u00e2nio at\u00e9 o osso hioide, preenchido por tecido conjuntivo frouxo e tecido adiposo. A infec\u00e7\u00e3o penetra nesse espa\u00e7o principalmente a partir de locais de inflama\u00e7\u00e3o adjacentes.<\/p>\n\n<p>Principais vias de infec\u00e7\u00e3o:<\/p>\n\n<ul class=\"wp-block-list\">\n<li><strong>Tonsilog\u00eanica:<\/strong> A via mais comum.   causadas pela Tonsilite\/amigdalite cr\u00f4nica.*** A infec\u00e7\u00e3o se dissemina a partir da am\u00edgdala palatina, como uma complica\u00e7\u00e3o da amigdalite ou do abscesso peritonsilar.<\/li>\n\n\n\n<li><strong>Odontog\u00eanica:<\/strong> A origem \u00e9 uma infec\u00e7\u00e3o na regi\u00e3o dos molares inferiores (especialmente o terceiro molar, ou seja, o dente do siso).<\/li>\n\n\n\n<li><strong>Otog\u00eanica:<\/strong> Doen\u00e7as inflamat\u00f3rias do ouvido (mastoidite, otite).<\/li>\n\n\n\n<li><strong>Dental:<\/strong> Inflama\u00e7\u00e3o das gl\u00e2ndulas salivares (sialoadenite).<\/li>\n\n\n\n<li><strong>Traum\u00e1tico:<\/strong> Les\u00f5es penetrantes do pesco\u00e7o e da membrana mucosa da faringe.<\/li>\n<\/ul>\n\n<p>A infec\u00e7\u00e3o geralmente \u00e9 polimicrobiana, envolvendo flora aer\u00f3bica (estreptococos, estafilococos) e anaer\u00f3bica.<\/p>\n\n<h2 class=\"wp-block-heading\" id=\"h-&#x43A;&#x43B;&#x438;&#x43D;&#x438;&#x447;&#x435;&#x441;&#x43A;&#x43E;&#x435;-&#x437;&#x43D;&#x430;&#x447;&#x435;&#x43D;&#x438;&#x435;\"><strong>Import\u00e2ncia cl\u00ednica<\/strong><\/h2>\n\n<p>O quadro cl\u00ednico \u00e9 caracterizado por uma r\u00e1pida piora dos sintomas e do estado geral do paciente. O diagn\u00f3stico baseia-se em caracter\u00edsticas espec\u00edficas, e o exame de imagem &#8220;padr\u00e3o ouro&#8221; \u00e9 a tomografia de pesco\u00e7o com contraste.<\/p>\n\n<p>Principais sintomas:<\/p>\n\n<ul class=\"wp-block-list\">\n<li><strong>Gerais:<\/strong> Temperatura corporal elevada (39-40\u00b0C), calafrios, intoxica\u00e7\u00e3o grave.<\/li>\n\n\n\n<li><strong>Dor de garganta:<\/strong> Geralmente unilateral, aguda, que piora ao engolir.<\/li>\n\n\n\n<li><strong>Trismo:<\/strong> Restri\u00e7\u00e3o severa e dor ao abrir a boca devido \u00e0 contra\u00e7\u00e3o dolorosa dos m\u00fasculos da mand\u00edbula. \u00c9 um dos principais sintomas.<\/li>\n\n\n\n<li><strong>Incha\u00e7o:<\/strong> Incha\u00e7o acentuado na superf\u00edcie lateral do pesco\u00e7o, abaixo do \u00e2ngulo da mand\u00edbula. O exame da faringe (faringoscopia) revela uma protuber\u00e2ncia na parede lateral, deslocando a tonsila palatina para o centro.<\/li>\n\n\n\n<li><strong>Posi\u00e7\u00e3o involunt\u00e1ria da cabe\u00e7a:<\/strong> Inclina\u00e7\u00e3o da cabe\u00e7a para o lado afetado.<\/li>\n<\/ul>\n\n<p>O tratamento consiste em cirurgia de emerg\u00eancia. O abscesso \u00e9 incisado e drenado, geralmente atrav\u00e9s de acesso externo no pesco\u00e7o; o tratamento \u00e9 acompoanhado da antibioticoterapia endovenosa intensiva. O objetivo principal \u00e9 garantir a permeabilidade das vias a\u00e9reas.<\/p>\n\n<h2 class=\"wp-block-heading\" id=\"h-&#x434;&#x438;&#x444;&#x444;&#x435;&#x440;&#x435;&#x43D;&#x446;&#x438;&#x430;&#x43B;&#x44C;&#x43D;&#x43E;-&#x434;&#x438;&#x430;&#x433;&#x43D;&#x43E;&#x441;&#x442;&#x438;&#x447;&#x435;&#x441;&#x43A;&#x438;&#x435;-&#x430;&#x441;&#x43F;&#x435;&#x43A;&#x442;&#x44B;\"><strong>Aspectos de diagn\u00f3stico diferencial<\/strong><\/h2>\n\n<p>Antes de tudo, o abscesso parafar\u00edngeo deve ser diferenciado do abscesso peritonsilar. Este \u00faltimo \u00e9 mais tipicamente caracterizado por uma protuber\u00e2ncia localizada no polo superior da am\u00edgdala, enquanto um abscesso parafar\u00edngeo normalmente envolve incha\u00e7o e protuber\u00e2ncia de toda a parede lateral da faringe. Al\u00e9m disso, o trismo e o incha\u00e7o externo do pesco\u00e7o s\u00e3o significativamente mais pronunciados no abscesso perifar\u00edngeo. A tomografia computadorizada permite determinar precisamente a localiza\u00e7\u00e3o e a extens\u00e3o do processo purulento, diferenciando-o de outras infec\u00e7\u00f5es profundas do pesco\u00e7o, como abscesso retrofar\u00edngeo ou fleim\u00e3o do assoalho da boca (angina de Ludwig).<\/p>\n","protected":false},"excerpt":{"rendered":"<p>Abscesso parafar\u00edngeo (do latim abscessus parapharyngealis) \u00e9 a forma\u00e7\u00e3o de um ac\u00famulo limitado de pus em um espa\u00e7o adjacente \u00e0 faringe (parafar\u00edngeo) do pesco\u00e7o. Essa condi\u00e7\u00e3o \u00e9 classificada como um fleim\u00e3o profundo e um abscesso cervical, representando uma s\u00e9ria amea\u00e7a \u00e0 vida devido ao risco de desenvolvimento de complica\u00e7\u00f5es graves.<\/p>\n","protected":false},"featured_media":0,"template":"","class_list":["post-2698","glossary_item","type-glossary_item","status-publish","hentry"],"acf":[],"yoast_head":"<!-- This site is optimized with the Yoast SEO Premium plugin v25.0 (Yoast SEO v26.5) - https:\/\/yoast.com\/wordpress\/plugins\/seo\/ -->\n<title>Abscesso parafar\u00edngeo: defini\u00e7\u00e3o m\u00e9dica e vis\u00e3o geral | Voka Wiki<\/title>\n<meta name=\"description\" content=\"Abscesso parafar\u00edngeo (do latim abscessus parapharyngealis) \u00e9 a forma\u00e7\u00e3o de um ac\u00famulo limitado de pus em um espa\u00e7o adjacente \u00e0 faringe (parafar\u00edngeo) do pesco\u00e7o. Essa condi\u00e7\u00e3o \u00e9 classificada como um fleim\u00e3o profundo e um abscesso cervical, representando uma s\u00e9ria amea\u00e7a \u00e0 vida devido ao risco de desenvolvimento de complica\u00e7\u00f5es graves.\" \/>\n<meta name=\"robots\" content=\"noindex, follow, max-snippet:-1, max-image-preview:large, max-video-preview:-1\" \/>\n<meta property=\"og:locale\" content=\"pt_PT\" \/>\n<meta property=\"og:type\" content=\"article\" \/>\n<meta property=\"og:title\" content=\"Abscesso parafar\u00edngeo\" \/>\n<meta property=\"og:description\" content=\"Abscesso parafar\u00edngeo (do latim abscessus parapharyngealis) \u00e9 a forma\u00e7\u00e3o de um ac\u00famulo limitado de pus em um espa\u00e7o adjacente \u00e0 faringe (parafar\u00edngeo) do pesco\u00e7o. Essa condi\u00e7\u00e3o \u00e9 classificada como um fleim\u00e3o profundo e um abscesso cervical, representando uma s\u00e9ria amea\u00e7a \u00e0 vida devido ao risco de desenvolvimento de complica\u00e7\u00f5es graves.\" \/>\n<meta property=\"og:url\" content=\"https:\/\/wiki.dev.voka.io\/pt\/glossario\/abscesso-parafaringeo\/\" \/>\n<meta property=\"og:site_name\" content=\"Voka Wiki\" \/>\n<meta property=\"article:publisher\" content=\"https:\/\/www.facebook.com\/VOKA3DAnatomyAndPathology\/\" \/>\n<meta name=\"twitter:card\" content=\"summary_large_image\" \/>\n<meta name=\"twitter:label1\" content=\"Tempo estimado de leitura\" \/>\n\t<meta name=\"twitter:data1\" content=\"3 minutos\" \/>\n<script type=\"application\/ld+json\" class=\"yoast-schema-graph\">{\"@context\":\"https:\/\/schema.org\",\"@graph\":[{\"@type\":\"WebPage\",\"@id\":\"https:\/\/wiki.dev.voka.io\/pt\/glossario\/abscesso-parafaringeo\/\",\"url\":\"https:\/\/wiki.dev.voka.io\/pt\/glossario\/abscesso-parafaringeo\/\",\"name\":\"Abscesso parafar\u00edngeo: defini\u00e7\u00e3o m\u00e9dica e vis\u00e3o geral | Voka Wiki\",\"isPartOf\":{\"@id\":\"https:\/\/wiki.dev.voka.io\/pt\/#website\"},\"datePublished\":\"2026-02-12T13:09:53+00:00\",\"description\":\"Abscesso parafar\u00edngeo (do latim abscessus parapharyngealis) \u00e9 a forma\u00e7\u00e3o de um ac\u00famulo limitado de pus em um espa\u00e7o adjacente \u00e0 faringe (parafar\u00edngeo) do pesco\u00e7o. Essa condi\u00e7\u00e3o \u00e9 classificada como um fleim\u00e3o profundo e um abscesso cervical, representando uma s\u00e9ria amea\u00e7a \u00e0 vida devido ao risco de desenvolvimento de complica\u00e7\u00f5es graves.\",\"breadcrumb\":{\"@id\":\"https:\/\/wiki.dev.voka.io\/pt\/glossario\/abscesso-parafaringeo\/#breadcrumb\"},\"inLanguage\":\"pt-PT\",\"potentialAction\":[{\"@type\":\"ReadAction\",\"target\":[\"https:\/\/wiki.dev.voka.io\/pt\/glossario\/abscesso-parafaringeo\/\"]}]},{\"@type\":\"BreadcrumbList\",\"@id\":\"https:\/\/wiki.dev.voka.io\/pt\/glossario\/abscesso-parafaringeo\/#breadcrumb\",\"itemListElement\":[{\"@type\":\"ListItem\",\"position\":1,\"name\":\"Home\",\"item\":\"https:\/\/wiki.dev.voka.io\/pt\/\"},{\"@type\":\"ListItem\",\"position\":2,\"name\":\"Gloss\u00e1rio\",\"item\":\"https:\/\/wiki.dev.voka.io\/pt\/glossario\/\"},{\"@type\":\"ListItem\",\"position\":3,\"name\":\"Abscesso parafar\u00edngeo\"}]},{\"@type\":\"WebSite\",\"@id\":\"https:\/\/wiki.dev.voka.io\/pt\/#website\",\"url\":\"https:\/\/wiki.dev.voka.io\/pt\/\",\"name\":\"Voka Wiki\",\"description\":\"\",\"publisher\":{\"@id\":\"https:\/\/wiki.dev.voka.io\/pt\/#organization\"},\"alternateName\":\"Anatomy & Pathology Wiki by VOKA\",\"potentialAction\":[{\"@type\":\"SearchAction\",\"target\":{\"@type\":\"EntryPoint\",\"urlTemplate\":\"https:\/\/wiki.dev.voka.io\/pt\/?s={search_term_string}\"},\"query-input\":{\"@type\":\"PropertyValueSpecification\",\"valueRequired\":true,\"valueName\":\"search_term_string\"}}],\"inLanguage\":\"pt-PT\"},{\"@type\":\"Organization\",\"@id\":\"https:\/\/wiki.dev.voka.io\/pt\/#organization\",\"name\":\"Voka 3D Anatomy & Pathology\",\"alternateName\":\"VOKA\",\"url\":\"https:\/\/wiki.dev.voka.io\/pt\/\",\"logo\":{\"@type\":\"ImageObject\",\"inLanguage\":\"pt-PT\",\"@id\":\"https:\/\/wiki.dev.voka.io\/pt\/#\/schema\/logo\/image\/\",\"url\":\"https:\/\/wiki.dev.voka.io\/wp-content\/uploads\/2025\/02\/cropped-voka-logo-1.png\",\"contentUrl\":\"https:\/\/wiki.dev.voka.io\/wp-content\/uploads\/2025\/02\/cropped-voka-logo-1.png\",\"width\":70,\"height\":16,\"caption\":\"Voka 3D Anatomy & Pathology\"},\"image\":{\"@id\":\"https:\/\/wiki.dev.voka.io\/pt\/#\/schema\/logo\/image\/\"},\"sameAs\":[\"https:\/\/www.facebook.com\/VOKA3DAnatomyAndPathology\/\",\"https:\/\/www.instagram.com\/voka.io\/\",\"https:\/\/www.linkedin.com\/company\/voka-io\/\",\"https:\/\/www.youtube.com\/channel\/UCqGGuOEpr62ScH8Pjk2q5zw\/videos\",\"https:\/\/www.pinterest.com\/VokaAnatomyPro\/\",\"https:\/\/www.threads.com\/@voka.io\"],\"description\":\"VOKA.io offers 3D medical animations and custom 3D modeling services. Our product, VOKA 3D Anatomy & Pathology, is a digital atlas with over 1,000 detailed 3D models of human anatomy and pathology, designed for medical education, training, and patient communication.\",\"email\":\"info@voka.io\",\"telephone\":\"+1 814 351 4442\",\"legalName\":\"Voka 3D Anatomy & Pathology\",\"foundingDate\":\"2017-02-12\",\"naics\":\"541512\",\"numberOfEmployees\":{\"@type\":\"QuantitativeValue\",\"minValue\":\"51\",\"maxValue\":\"200\"},\"publishingPrinciples\":\"https:\/\/wiki.voka.io\/pt\/principios-de-publicacao\/\"}]}<\/script>\n<!-- \/ Yoast SEO Premium plugin. -->","yoast_head_json":{"title":"Abscesso parafar\u00edngeo: defini\u00e7\u00e3o m\u00e9dica e vis\u00e3o geral | Voka Wiki","description":"Abscesso parafar\u00edngeo (do latim abscessus parapharyngealis) \u00e9 a forma\u00e7\u00e3o de um ac\u00famulo limitado de pus em um espa\u00e7o adjacente \u00e0 faringe (parafar\u00edngeo) do pesco\u00e7o. Essa condi\u00e7\u00e3o \u00e9 classificada como um fleim\u00e3o profundo e um abscesso cervical, representando uma s\u00e9ria amea\u00e7a \u00e0 vida devido ao risco de desenvolvimento de complica\u00e7\u00f5es graves.","robots":{"index":"noindex","follow":"follow","max-snippet":"max-snippet:-1","max-image-preview":"max-image-preview:large","max-video-preview":"max-video-preview:-1"},"og_locale":"pt_PT","og_type":"article","og_title":"Abscesso parafar\u00edngeo","og_description":"Abscesso parafar\u00edngeo (do latim abscessus parapharyngealis) \u00e9 a forma\u00e7\u00e3o de um ac\u00famulo limitado de pus em um espa\u00e7o adjacente \u00e0 faringe (parafar\u00edngeo) do pesco\u00e7o. Essa condi\u00e7\u00e3o \u00e9 classificada como um fleim\u00e3o profundo e um abscesso cervical, representando uma s\u00e9ria amea\u00e7a \u00e0 vida devido ao risco de desenvolvimento de complica\u00e7\u00f5es graves.","og_url":"https:\/\/wiki.dev.voka.io\/pt\/glossario\/abscesso-parafaringeo\/","og_site_name":"Voka Wiki","article_publisher":"https:\/\/www.facebook.com\/VOKA3DAnatomyAndPathology\/","twitter_card":"summary_large_image","twitter_misc":{"Tempo estimado de leitura":"3 minutos"},"schema":{"@context":"https:\/\/schema.org","@graph":[{"@type":"WebPage","@id":"https:\/\/wiki.dev.voka.io\/pt\/glossario\/abscesso-parafaringeo\/","url":"https:\/\/wiki.dev.voka.io\/pt\/glossario\/abscesso-parafaringeo\/","name":"Abscesso parafar\u00edngeo: defini\u00e7\u00e3o m\u00e9dica e vis\u00e3o geral | Voka Wiki","isPartOf":{"@id":"https:\/\/wiki.dev.voka.io\/pt\/#website"},"datePublished":"2026-02-12T13:09:53+00:00","description":"Abscesso parafar\u00edngeo (do latim abscessus parapharyngealis) \u00e9 a forma\u00e7\u00e3o de um ac\u00famulo limitado de pus em um espa\u00e7o adjacente \u00e0 faringe (parafar\u00edngeo) do pesco\u00e7o. Essa condi\u00e7\u00e3o \u00e9 classificada como um fleim\u00e3o profundo e um abscesso cervical, representando uma s\u00e9ria amea\u00e7a \u00e0 vida devido ao risco de desenvolvimento de complica\u00e7\u00f5es graves.","breadcrumb":{"@id":"https:\/\/wiki.dev.voka.io\/pt\/glossario\/abscesso-parafaringeo\/#breadcrumb"},"inLanguage":"pt-PT","potentialAction":[{"@type":"ReadAction","target":["https:\/\/wiki.dev.voka.io\/pt\/glossario\/abscesso-parafaringeo\/"]}]},{"@type":"BreadcrumbList","@id":"https:\/\/wiki.dev.voka.io\/pt\/glossario\/abscesso-parafaringeo\/#breadcrumb","itemListElement":[{"@type":"ListItem","position":1,"name":"Home","item":"https:\/\/wiki.dev.voka.io\/pt\/"},{"@type":"ListItem","position":2,"name":"Gloss\u00e1rio","item":"https:\/\/wiki.dev.voka.io\/pt\/glossario\/"},{"@type":"ListItem","position":3,"name":"Abscesso parafar\u00edngeo"}]},{"@type":"WebSite","@id":"https:\/\/wiki.dev.voka.io\/pt\/#website","url":"https:\/\/wiki.dev.voka.io\/pt\/","name":"Voka Wiki","description":"","publisher":{"@id":"https:\/\/wiki.dev.voka.io\/pt\/#organization"},"alternateName":"Anatomy & Pathology Wiki by VOKA","potentialAction":[{"@type":"SearchAction","target":{"@type":"EntryPoint","urlTemplate":"https:\/\/wiki.dev.voka.io\/pt\/?s={search_term_string}"},"query-input":{"@type":"PropertyValueSpecification","valueRequired":true,"valueName":"search_term_string"}}],"inLanguage":"pt-PT"},{"@type":"Organization","@id":"https:\/\/wiki.dev.voka.io\/pt\/#organization","name":"Voka 3D Anatomy & Pathology","alternateName":"VOKA","url":"https:\/\/wiki.dev.voka.io\/pt\/","logo":{"@type":"ImageObject","inLanguage":"pt-PT","@id":"https:\/\/wiki.dev.voka.io\/pt\/#\/schema\/logo\/image\/","url":"https:\/\/wiki.dev.voka.io\/wp-content\/uploads\/2025\/02\/cropped-voka-logo-1.png","contentUrl":"https:\/\/wiki.dev.voka.io\/wp-content\/uploads\/2025\/02\/cropped-voka-logo-1.png","width":70,"height":16,"caption":"Voka 3D Anatomy & Pathology"},"image":{"@id":"https:\/\/wiki.dev.voka.io\/pt\/#\/schema\/logo\/image\/"},"sameAs":["https:\/\/www.facebook.com\/VOKA3DAnatomyAndPathology\/","https:\/\/www.instagram.com\/voka.io\/","https:\/\/www.linkedin.com\/company\/voka-io\/","https:\/\/www.youtube.com\/channel\/UCqGGuOEpr62ScH8Pjk2q5zw\/videos","https:\/\/www.pinterest.com\/VokaAnatomyPro\/","https:\/\/www.threads.com\/@voka.io"],"description":"VOKA.io offers 3D medical animations and custom 3D modeling services. Our product, VOKA 3D Anatomy & Pathology, is a digital atlas with over 1,000 detailed 3D models of human anatomy and pathology, designed for medical education, training, and patient communication.","email":"info@voka.io","telephone":"+1 814 351 4442","legalName":"Voka 3D Anatomy & Pathology","foundingDate":"2017-02-12","naics":"541512","numberOfEmployees":{"@type":"QuantitativeValue","minValue":"51","maxValue":"200"},"publishingPrinciples":"https:\/\/wiki.voka.io\/pt\/principios-de-publicacao\/"}]}},"_links":{"self":[{"href":"https:\/\/wiki.dev.voka.io\/pt\/wp-json\/wp\/v2\/glossary_item\/2698","targetHints":{"allow":["GET"]}}],"collection":[{"href":"https:\/\/wiki.dev.voka.io\/pt\/wp-json\/wp\/v2\/glossary_item"}],"about":[{"href":"https:\/\/wiki.dev.voka.io\/pt\/wp-json\/wp\/v2\/types\/glossary_item"}],"wp:attachment":[{"href":"https:\/\/wiki.dev.voka.io\/pt\/wp-json\/wp\/v2\/media?parent=2698"}],"curies":[{"name":"wp","href":"https:\/\/api.w.org\/{rel}","templated":true}]}}