{"id":2449,"date":"2026-01-29T17:35:43","date_gmt":"2026-01-29T14:35:43","guid":{"rendered":"https:\/\/wiki.dev.voka.io\/glossary\/febre-reumatica\/"},"modified":"2026-01-29T17:35:50","modified_gmt":"2026-01-29T14:35:50","slug":"febre-reumatica","status":"publish","type":"glossary_item","link":"https:\/\/wiki.dev.voka.io\/pt\/glossario\/febre-reumatica\/","title":{"rendered":"Febre reum\u00e1tica aguda"},"content":{"rendered":"\n<p>Febre reum\u00e1tica aguda (FRA) \u00e9 uma doen\u00e7a inflamat\u00f3ria sist\u00eamica do tecido conjuntivo que se desenvolve como uma complica\u00e7\u00e3o tardia ap\u00f3s uma infec\u00e7\u00e3o de garganta (amigdalite, faringite) causada pelo estreptococo beta-hemol\u00edtico do grupo A (EBHGA).<\/p>\n\n<p>\u00c9 uma doen\u00e7a p\u00f3s-infecciosa imunomediada que afeta principalmente o cora\u00e7\u00e3o (cardite), as articula\u00e7\u00f5es (poliartrite migrat\u00f3ria), o sistema nervoso central (coreia) e a pele. A consequ\u00eancia mais grave da FRA \u00e9 o desenvolvimento de doen\u00e7a reum\u00e1tica cr\u00f4nica do cora\u00e7\u00e3o (DRC), uma cardiopatia adquirida que se desenvolve como resultado de danos \u00e0s valvas card\u00edacas.<\/p>\n\n<h2 class=\"wp-block-heading\" id=\"h-&#x44D;&#x442;&#x438;&#x43E;&#x43B;&#x43E;&#x433;&#x438;&#x44F;-&#x438;-&#x43F;&#x430;&#x442;&#x43E;&#x444;&#x438;&#x437;&#x438;&#x43E;&#x43B;&#x43E;&#x433;&#x438;&#x44F;\"><strong>Etiologia e fisiopatologia<\/strong><\/h2>\n\n<p>A causa direta da FRA n\u00e3o \u00e9 o estreptococo em si, mas uma resposta autoimune anormal do organismo a ele. A doen\u00e7a geralmente ocorre de 2 a 4 semanas ap\u00f3s um epis\u00f3dio de faringite\/amigdalite por EBHGA.<\/p>\n\n<p>A patog\u00eanese se baseia no fen\u00f4meno do mimetismo molecular. Os ant\u00edgenos estreptoc\u00f3cicos (em particular, sua prote\u00edna M) s\u00e3o estruturalmente semelhantes a prote\u00ednas presentes em tecidos humanos, principalmente a ant\u00edgenos do m\u00fasculo card\u00edaco (mioc\u00e1rdio), das valvas card\u00edacas, das membranas sinoviais das articula\u00e7\u00f5es e dos neur\u00f4nios. Os anticorpos produzidos para combater o estreptococo come\u00e7am, por engano, a atacar os pr\u00f3prios tecidos do corpo, causando inflama\u00e7\u00e3o. Um sinal histol\u00f3gico patognom\u00f4nico da cardite reum\u00e1tica \u00e9 a forma\u00e7\u00e3o de granulomas reumat\u00f3ides espec\u00edficas no mioc\u00e1rdio \u2014 os n\u00f3dulos de Aschoff-Talalaev.<\/p>\n\n<h2 class=\"wp-block-heading\" id=\"h-&#x43A;&#x43B;&#x438;&#x43D;&#x438;&#x447;&#x435;&#x441;&#x43A;&#x43E;&#x435;-&#x437;&#x43D;&#x430;&#x447;&#x435;&#x43D;&#x438;&#x435;\"><strong>Import\u00e2ncia cl\u00ednica<\/strong><\/h2>\n\n<p>O diagn\u00f3stico de febre reum\u00e1tica aguda (FRA) \u00e9 estabelecido com base nos crit\u00e9rios de Jones, que incluem manifesta\u00e7\u00f5es cl\u00ednicas \u201cmaiores\u201d e \u201cmenores\u201d, bem como a confirma\u00e7\u00e3o obrigat\u00f3ria de uma infec\u00e7\u00e3o estreptoc\u00f3cica pr\u00e9via (t\u00edtulos elevados de antiestreptolisina O, esfrega\u00e7o positivo das fauces).<\/p>\n\n<p>Crit\u00e9rios maiores de Jones:<\/p>\n\n<ul class=\"wp-block-list\">\n<li><strong>Carditite:<\/strong> Inflama\u00e7\u00e3o de todas as membranas do cora\u00e7\u00e3o (pancardite). Manifesta-se como taquicardia, sopros card\u00edacos, dor no cora\u00e7\u00e3o e, em casos graves, insufici\u00eancia card\u00edaca. Esta \u00e9 a manifesta\u00e7\u00e3o mais grave.<\/li>\n\n\n\n<li><strong>Poliartrite migrat\u00f3ria:<\/strong> Inflama\u00e7\u00e3o das grandes articula\u00e7\u00f5es (joelhos, tornozelos, cotovelos). Os sintomas geralmente s\u00e3o caracterizados pela migra\u00e7\u00e3o r\u00e1pida \u2014 a dor e o incha\u00e7o desaparecem rapidamente em uma articula\u00e7\u00e3o e reaparecem em outra.<\/li>\n\n\n\n<li><strong>Coreia de Sydenham (coreia menor):<\/strong> Dist\u00farbio do sistema nervoso central caracterizado por movimentos involunt\u00e1rios, r\u00e1pidos e desordenados (hipercinesias), pela fraqueza muscular e pela labilidade emocional.<\/li>\n\n\n\n<li><strong>Eritema anular:<\/strong> Erup\u00e7\u00e3o cut\u00e2nea rosada espec\u00edfica no tronco e nos membros em forma de an\u00e9is.<\/li>\n\n\n\n<li><strong>N\u00f3dulos reumatoides subcut\u00e2neos:<\/strong> N\u00f3dulos firmes e indolores sobre proemin\u00eancias \u00f3sseas.<\/li>\n<\/ul>\n\n<p>O tratamento da fase aguda inclui a antibioticoterapia para erradicar estreptococos e os anti-inflamat\u00f3rios (anti-inflamat\u00f3rios n\u00e3o esteroides para artrite, glicocorticoides para cardite). A base do tratamento do paciente \u00e9 a preven\u00e7\u00e3o secund\u00e1ria \u2014 administra\u00e7\u00e3o regular e a longo prazo de penicilina (por exemplo, Bicillin-5) para prevenir crises recorrentes e a progress\u00e3o de danos card\u00edacos.<\/p>\n\n<h2 class=\"wp-block-heading\" id=\"h-&#x434;&#x438;&#x444;&#x444;&#x435;&#x440;&#x435;&#x43D;&#x446;&#x438;&#x430;&#x43B;&#x44C;&#x43D;&#x43E;-&#x434;&#x438;&#x430;&#x433;&#x43D;&#x43E;&#x441;&#x442;&#x438;&#x447;&#x435;&#x441;&#x43A;&#x438;&#x435;-&#x430;&#x441;&#x43F;&#x435;&#x43A;&#x442;&#x44B;\"><strong>Aspectos de diagn\u00f3stico diferencial<\/strong><\/h2>\n\n<p>Devido \u00e0 sua natureza polissindr\u00f4mica, a FRA exige o diagn\u00f3stico diferencial com uma ampla gama de doen\u00e7as. A poliartrite reum\u00e1tica deve ser diferenciada de outras artrites, principalmente da artrite reativa e da artrite idiop\u00e1tica juvenil. A diferen\u00e7a entre elas \u00e9 que a artrite reumatoide \u00e9 completamente e rapidamente aliviada por aspirina ou anti-inflamat\u00f3rios n\u00e3o esteroides (AINEs). A cardite deve ser diferenciada da miocardite viral, e a coreia de outros transtornos hipercin\u00e9ticos. A combina\u00e7\u00e3o de v\u00e1rios crit\u00e9rios &#8220;maiores&#8221; em um contexto de infec\u00e7\u00e3o estreptoc\u00f3cica confirmada torna o diagn\u00f3stico de FRA o mais prov\u00e1vel.<\/p>\n","protected":false},"excerpt":{"rendered":"<p>Febre reum\u00e1tica aguda (FRA) \u00e9 uma doen\u00e7a inflamat\u00f3ria sist\u00eamica do tecido conjuntivo que se desenvolve como uma complica\u00e7\u00e3o tardia ap\u00f3s uma infec\u00e7\u00e3o de garganta (amigdalite, faringite) causada pelo estreptococo beta-hemol\u00edtico do grupo A (EBHGA).<\/p>\n","protected":false},"featured_media":0,"template":"","class_list":["post-2449","glossary_item","type-glossary_item","status-publish","hentry"],"acf":[],"yoast_head":"<!-- This site is optimized with the Yoast SEO Premium plugin v25.0 (Yoast SEO v26.5) - https:\/\/yoast.com\/wordpress\/plugins\/seo\/ -->\n<title>Febre reum\u00e1tica aguda: defini\u00e7\u00e3o m\u00e9dica e vis\u00e3o geral | Voka Wiki<\/title>\n<meta name=\"description\" content=\"Febre reum\u00e1tica aguda (FRA) \u00e9 uma doen\u00e7a inflamat\u00f3ria sist\u00eamica do tecido conjuntivo que se desenvolve como uma complica\u00e7\u00e3o tardia ap\u00f3s uma infec\u00e7\u00e3o de garganta (amigdalite, faringite) causada pelo estreptococo beta-hemol\u00edtico do grupo A (EBHGA).\" \/>\n<meta name=\"robots\" content=\"noindex, follow, max-snippet:-1, max-image-preview:large, max-video-preview:-1\" \/>\n<meta property=\"og:locale\" content=\"pt_PT\" \/>\n<meta property=\"og:type\" content=\"article\" \/>\n<meta property=\"og:title\" content=\"Febre reum\u00e1tica aguda\" \/>\n<meta property=\"og:description\" content=\"Febre reum\u00e1tica aguda (FRA) \u00e9 uma doen\u00e7a inflamat\u00f3ria sist\u00eamica do tecido conjuntivo que se desenvolve como uma complica\u00e7\u00e3o tardia ap\u00f3s uma infec\u00e7\u00e3o de garganta (amigdalite, faringite) causada pelo estreptococo beta-hemol\u00edtico do grupo A (EBHGA).\" \/>\n<meta property=\"og:url\" content=\"https:\/\/wiki.dev.voka.io\/pt\/glossario\/febre-reumatica\/\" \/>\n<meta property=\"og:site_name\" content=\"Voka Wiki\" \/>\n<meta property=\"article:publisher\" content=\"https:\/\/www.facebook.com\/VOKA3DAnatomyAndPathology\/\" \/>\n<meta property=\"article:modified_time\" content=\"2026-01-29T14:35:50+00:00\" \/>\n<meta name=\"twitter:card\" content=\"summary_large_image\" \/>\n<meta name=\"twitter:label1\" content=\"Tempo estimado de leitura\" \/>\n\t<meta name=\"twitter:data1\" content=\"3 minutos\" \/>\n<script type=\"application\/ld+json\" class=\"yoast-schema-graph\">{\"@context\":\"https:\/\/schema.org\",\"@graph\":[{\"@type\":\"WebPage\",\"@id\":\"https:\/\/wiki.dev.voka.io\/pt\/glossario\/febre-reumatica\/\",\"url\":\"https:\/\/wiki.dev.voka.io\/pt\/glossario\/febre-reumatica\/\",\"name\":\"Febre reum\u00e1tica aguda: defini\u00e7\u00e3o m\u00e9dica e vis\u00e3o geral | Voka Wiki\",\"isPartOf\":{\"@id\":\"https:\/\/wiki.dev.voka.io\/pt\/#website\"},\"datePublished\":\"2026-01-29T14:35:43+00:00\",\"dateModified\":\"2026-01-29T14:35:50+00:00\",\"description\":\"Febre reum\u00e1tica aguda (FRA) \u00e9 uma doen\u00e7a inflamat\u00f3ria sist\u00eamica do tecido conjuntivo que se desenvolve como uma complica\u00e7\u00e3o tardia ap\u00f3s uma infec\u00e7\u00e3o de garganta (amigdalite, faringite) causada pelo estreptococo beta-hemol\u00edtico do grupo A (EBHGA).\",\"breadcrumb\":{\"@id\":\"https:\/\/wiki.dev.voka.io\/pt\/glossario\/febre-reumatica\/#breadcrumb\"},\"inLanguage\":\"pt-PT\",\"potentialAction\":[{\"@type\":\"ReadAction\",\"target\":[\"https:\/\/wiki.dev.voka.io\/pt\/glossario\/febre-reumatica\/\"]}]},{\"@type\":\"BreadcrumbList\",\"@id\":\"https:\/\/wiki.dev.voka.io\/pt\/glossario\/febre-reumatica\/#breadcrumb\",\"itemListElement\":[{\"@type\":\"ListItem\",\"position\":1,\"name\":\"Home\",\"item\":\"https:\/\/wiki.dev.voka.io\/pt\/\"},{\"@type\":\"ListItem\",\"position\":2,\"name\":\"Gloss\u00e1rio\",\"item\":\"https:\/\/wiki.dev.voka.io\/pt\/glossario\/\"},{\"@type\":\"ListItem\",\"position\":3,\"name\":\"Febre reum\u00e1tica aguda\"}]},{\"@type\":\"WebSite\",\"@id\":\"https:\/\/wiki.dev.voka.io\/pt\/#website\",\"url\":\"https:\/\/wiki.dev.voka.io\/pt\/\",\"name\":\"Voka Wiki\",\"description\":\"\",\"publisher\":{\"@id\":\"https:\/\/wiki.dev.voka.io\/pt\/#organization\"},\"alternateName\":\"Anatomy & Pathology Wiki by VOKA\",\"potentialAction\":[{\"@type\":\"SearchAction\",\"target\":{\"@type\":\"EntryPoint\",\"urlTemplate\":\"https:\/\/wiki.dev.voka.io\/pt\/?s={search_term_string}\"},\"query-input\":{\"@type\":\"PropertyValueSpecification\",\"valueRequired\":true,\"valueName\":\"search_term_string\"}}],\"inLanguage\":\"pt-PT\"},{\"@type\":\"Organization\",\"@id\":\"https:\/\/wiki.dev.voka.io\/pt\/#organization\",\"name\":\"Voka 3D Anatomy & Pathology\",\"alternateName\":\"VOKA\",\"url\":\"https:\/\/wiki.dev.voka.io\/pt\/\",\"logo\":{\"@type\":\"ImageObject\",\"inLanguage\":\"pt-PT\",\"@id\":\"https:\/\/wiki.dev.voka.io\/pt\/#\/schema\/logo\/image\/\",\"url\":\"https:\/\/wiki.dev.voka.io\/wp-content\/uploads\/2025\/02\/cropped-voka-logo-1.png\",\"contentUrl\":\"https:\/\/wiki.dev.voka.io\/wp-content\/uploads\/2025\/02\/cropped-voka-logo-1.png\",\"width\":70,\"height\":16,\"caption\":\"Voka 3D Anatomy & Pathology\"},\"image\":{\"@id\":\"https:\/\/wiki.dev.voka.io\/pt\/#\/schema\/logo\/image\/\"},\"sameAs\":[\"https:\/\/www.facebook.com\/VOKA3DAnatomyAndPathology\/\",\"https:\/\/www.instagram.com\/voka.io\/\",\"https:\/\/www.linkedin.com\/company\/voka-io\/\",\"https:\/\/www.youtube.com\/channel\/UCqGGuOEpr62ScH8Pjk2q5zw\/videos\",\"https:\/\/www.pinterest.com\/VokaAnatomyPro\/\",\"https:\/\/www.threads.com\/@voka.io\"],\"description\":\"VOKA.io offers 3D medical animations and custom 3D modeling services. Our product, VOKA 3D Anatomy & Pathology, is a digital atlas with over 1,000 detailed 3D models of human anatomy and pathology, designed for medical education, training, and patient communication.\",\"email\":\"info@voka.io\",\"telephone\":\"+1 814 351 4442\",\"legalName\":\"Voka 3D Anatomy & Pathology\",\"foundingDate\":\"2017-02-12\",\"naics\":\"541512\",\"numberOfEmployees\":{\"@type\":\"QuantitativeValue\",\"minValue\":\"51\",\"maxValue\":\"200\"},\"publishingPrinciples\":\"https:\/\/wiki.voka.io\/pt\/principios-de-publicacao\/\"}]}<\/script>\n<!-- \/ Yoast SEO Premium plugin. -->","yoast_head_json":{"title":"Febre reum\u00e1tica aguda: defini\u00e7\u00e3o m\u00e9dica e vis\u00e3o geral | Voka Wiki","description":"Febre reum\u00e1tica aguda (FRA) \u00e9 uma doen\u00e7a inflamat\u00f3ria sist\u00eamica do tecido conjuntivo que se desenvolve como uma complica\u00e7\u00e3o tardia ap\u00f3s uma infec\u00e7\u00e3o de garganta (amigdalite, faringite) causada pelo estreptococo beta-hemol\u00edtico do grupo A (EBHGA).","robots":{"index":"noindex","follow":"follow","max-snippet":"max-snippet:-1","max-image-preview":"max-image-preview:large","max-video-preview":"max-video-preview:-1"},"og_locale":"pt_PT","og_type":"article","og_title":"Febre reum\u00e1tica aguda","og_description":"Febre reum\u00e1tica aguda (FRA) \u00e9 uma doen\u00e7a inflamat\u00f3ria sist\u00eamica do tecido conjuntivo que se desenvolve como uma complica\u00e7\u00e3o tardia ap\u00f3s uma infec\u00e7\u00e3o de garganta (amigdalite, faringite) causada pelo estreptococo beta-hemol\u00edtico do grupo A (EBHGA).","og_url":"https:\/\/wiki.dev.voka.io\/pt\/glossario\/febre-reumatica\/","og_site_name":"Voka Wiki","article_publisher":"https:\/\/www.facebook.com\/VOKA3DAnatomyAndPathology\/","article_modified_time":"2026-01-29T14:35:50+00:00","twitter_card":"summary_large_image","twitter_misc":{"Tempo estimado de leitura":"3 minutos"},"schema":{"@context":"https:\/\/schema.org","@graph":[{"@type":"WebPage","@id":"https:\/\/wiki.dev.voka.io\/pt\/glossario\/febre-reumatica\/","url":"https:\/\/wiki.dev.voka.io\/pt\/glossario\/febre-reumatica\/","name":"Febre reum\u00e1tica aguda: defini\u00e7\u00e3o m\u00e9dica e vis\u00e3o geral | Voka Wiki","isPartOf":{"@id":"https:\/\/wiki.dev.voka.io\/pt\/#website"},"datePublished":"2026-01-29T14:35:43+00:00","dateModified":"2026-01-29T14:35:50+00:00","description":"Febre reum\u00e1tica aguda (FRA) \u00e9 uma doen\u00e7a inflamat\u00f3ria sist\u00eamica do tecido conjuntivo que se desenvolve como uma complica\u00e7\u00e3o tardia ap\u00f3s uma infec\u00e7\u00e3o de garganta (amigdalite, faringite) causada pelo estreptococo beta-hemol\u00edtico do grupo A (EBHGA).","breadcrumb":{"@id":"https:\/\/wiki.dev.voka.io\/pt\/glossario\/febre-reumatica\/#breadcrumb"},"inLanguage":"pt-PT","potentialAction":[{"@type":"ReadAction","target":["https:\/\/wiki.dev.voka.io\/pt\/glossario\/febre-reumatica\/"]}]},{"@type":"BreadcrumbList","@id":"https:\/\/wiki.dev.voka.io\/pt\/glossario\/febre-reumatica\/#breadcrumb","itemListElement":[{"@type":"ListItem","position":1,"name":"Home","item":"https:\/\/wiki.dev.voka.io\/pt\/"},{"@type":"ListItem","position":2,"name":"Gloss\u00e1rio","item":"https:\/\/wiki.dev.voka.io\/pt\/glossario\/"},{"@type":"ListItem","position":3,"name":"Febre reum\u00e1tica aguda"}]},{"@type":"WebSite","@id":"https:\/\/wiki.dev.voka.io\/pt\/#website","url":"https:\/\/wiki.dev.voka.io\/pt\/","name":"Voka Wiki","description":"","publisher":{"@id":"https:\/\/wiki.dev.voka.io\/pt\/#organization"},"alternateName":"Anatomy & Pathology Wiki by VOKA","potentialAction":[{"@type":"SearchAction","target":{"@type":"EntryPoint","urlTemplate":"https:\/\/wiki.dev.voka.io\/pt\/?s={search_term_string}"},"query-input":{"@type":"PropertyValueSpecification","valueRequired":true,"valueName":"search_term_string"}}],"inLanguage":"pt-PT"},{"@type":"Organization","@id":"https:\/\/wiki.dev.voka.io\/pt\/#organization","name":"Voka 3D Anatomy & Pathology","alternateName":"VOKA","url":"https:\/\/wiki.dev.voka.io\/pt\/","logo":{"@type":"ImageObject","inLanguage":"pt-PT","@id":"https:\/\/wiki.dev.voka.io\/pt\/#\/schema\/logo\/image\/","url":"https:\/\/wiki.dev.voka.io\/wp-content\/uploads\/2025\/02\/cropped-voka-logo-1.png","contentUrl":"https:\/\/wiki.dev.voka.io\/wp-content\/uploads\/2025\/02\/cropped-voka-logo-1.png","width":70,"height":16,"caption":"Voka 3D Anatomy & Pathology"},"image":{"@id":"https:\/\/wiki.dev.voka.io\/pt\/#\/schema\/logo\/image\/"},"sameAs":["https:\/\/www.facebook.com\/VOKA3DAnatomyAndPathology\/","https:\/\/www.instagram.com\/voka.io\/","https:\/\/www.linkedin.com\/company\/voka-io\/","https:\/\/www.youtube.com\/channel\/UCqGGuOEpr62ScH8Pjk2q5zw\/videos","https:\/\/www.pinterest.com\/VokaAnatomyPro\/","https:\/\/www.threads.com\/@voka.io"],"description":"VOKA.io offers 3D medical animations and custom 3D modeling services. Our product, VOKA 3D Anatomy & Pathology, is a digital atlas with over 1,000 detailed 3D models of human anatomy and pathology, designed for medical education, training, and patient communication.","email":"info@voka.io","telephone":"+1 814 351 4442","legalName":"Voka 3D Anatomy & Pathology","foundingDate":"2017-02-12","naics":"541512","numberOfEmployees":{"@type":"QuantitativeValue","minValue":"51","maxValue":"200"},"publishingPrinciples":"https:\/\/wiki.voka.io\/pt\/principios-de-publicacao\/"}]}},"_links":{"self":[{"href":"https:\/\/wiki.dev.voka.io\/pt\/wp-json\/wp\/v2\/glossary_item\/2449","targetHints":{"allow":["GET"]}}],"collection":[{"href":"https:\/\/wiki.dev.voka.io\/pt\/wp-json\/wp\/v2\/glossary_item"}],"about":[{"href":"https:\/\/wiki.dev.voka.io\/pt\/wp-json\/wp\/v2\/types\/glossary_item"}],"wp:attachment":[{"href":"https:\/\/wiki.dev.voka.io\/pt\/wp-json\/wp\/v2\/media?parent=2449"}],"curies":[{"name":"wp","href":"https:\/\/api.w.org\/{rel}","templated":true}]}}