{"id":2035,"date":"2025-12-11T15:11:11","date_gmt":"2025-12-11T12:11:11","guid":{"rendered":"https:\/\/wiki.dev.voka.io\/glossary\/perda-auditiva-neurossensorial\/"},"modified":"2025-12-11T15:11:16","modified_gmt":"2025-12-11T12:11:16","slug":"perda-auditiva-neurossensorial","status":"publish","type":"glossary_item","link":"https:\/\/wiki.dev.voka.io\/pt\/glossario\/perda-auditiva-neurossensorial\/","title":{"rendered":"Perda auditiva neurossensorial"},"content":{"rendered":"\n<p>A perda auditiva neurossensorial (PANS) \u00e9 um tipo de perda auditiva causada por danos ao aparelho receptivo ao som no ouvido. O processo patol\u00f3gico pode afetar as estruturas do ouvido interno (c\u00e9lulas ciliadas da c\u00f3clea), o nervo vestibulococlear (oitavo par de nervos cranianos) ou as partes centrais do analisador auditivo no c\u00e9rebro.<\/p>\n\n<p>Diferentemente da perda auditiva condutiva, que est\u00e1 associada a problemas na condu\u00e7\u00e3o do som, a PANS afeta o processo de convers\u00e3o de vibra\u00e7\u00f5es mec\u00e2nicas em impulsos nervosos e sua subsequente transmiss\u00e3o ao c\u00e9rebro. Este \u00e9 o tipo mais comum de perda auditiva e, na maioria dos casos, o dano \u00e9 permanente.<\/p>\n\n<h2 class=\"wp-block-heading\" id=\"h-&#x44D;&#x442;&#x438;&#x43E;&#x43B;&#x43E;&#x433;&#x438;&#x44F;-&#x438;-&#x43F;&#x430;&#x442;&#x43E;&#x444;&#x438;&#x437;&#x438;&#x43E;&#x43B;&#x43E;&#x433;&#x438;&#x44F;\"><strong>Etiologia e fisiopatologia<\/strong><\/h2>\n\n<p>Na maioria dos casos de perda auditiva neurossensorial, a causa principal \u00e9 o dano ou a morte das c\u00e9lulas ciliadas sens\u00edveis na c\u00f3clea do ouvido interno. Essas c\u00e9lulas t\u00eam uma capacidade extremamente baixa de regenera\u00e7\u00e3o, portanto, sua perda resulta em perda auditiva permanente. Existem in\u00fameras causas que levam a esse dano.<\/p>\n\n<p>Principais causas da PANS:<\/p>\n\n<ul class=\"wp-block-list\">\n<li><strong>Cong\u00eanita:<\/strong>\n<ul class=\"wp-block-list\">\n<li>Fatores gen\u00e9ticos e heredit\u00e1rios: causam mais da metade dos casos de surdez cong\u00eanita.<\/li>\n\n\n\n<li>Infec\u00e7\u00f5es intrauterinas: rub\u00e9ola, citomegalov\u00edrus, toxoplasmose.<\/li>\n\n\n\n<li>Fatores perinatais: prematuridade extrema, hip\u00f3xia durante o trabalho de parto, icter\u00edcia nuclear.<\/li>\n<\/ul>\n<\/li>\n\n\n\n<li><strong>Adquirida:<\/strong>\n<ul class=\"wp-block-list\">\n<li>Presbiacusia: perda auditiva relacionada \u00e0 idade, a causa mais comum de perda auditiva neurossensorial em adultos.<\/li>\n\n\n\n<li>Les\u00e3o ac\u00fastica: dano causado pela exposi\u00e7\u00e3o a ru\u00eddos altos (agudos ou cr\u00f4nicos).<\/li>\n\n\n\n<li>Medicamentos otot\u00f3xicos: alguns antibi\u00f3ticos (aminoglicos\u00eddeos), agentes quimioter\u00e1picos (cisplatina), diur\u00e9ticos de al\u00e7a.<\/li>\n\n\n\n<li>Infec\u00e7\u00f5es virais: sarampo, rub\u00e9ola, gripe, caxumba, herpes, citomegalov\u00edrus (CMV), v\u00edrus da imunodefici\u00eancia humana (HIV). <\/li>\n\n\n\n<li>Dist\u00farbios vasculares: perturba\u00e7\u00e3o do suprimento sangu\u00edneo para o ouvido interno.<\/li>\n\n\n\n<li>Les\u00f5es: fraturas do osso temporal.<\/li>\n\n\n\n<li>Doen\u00e7a de M\u00e9ni\u00e8re.<\/li>\n\n\n\n<li>Tumores: schwannoma vestibular (neuroma auditivo).<\/li>\n<\/ul>\n<\/li>\n<\/ul>\n\n<h2 class=\"wp-block-heading\" id=\"h-&#x43A;&#x43B;&#x438;&#x43D;&#x438;&#x447;&#x435;&#x441;&#x43A;&#x43E;&#x435;-&#x437;&#x43D;&#x430;&#x447;&#x435;&#x43D;&#x438;&#x435;\"><strong>Import\u00e2ncia cl\u00ednica<\/strong><\/h2>\n\n<p>A principal manifesta\u00e7\u00e3o da PANS n\u00e3o \u00e9 apenas uma diminui\u00e7\u00e3o dos limiares auditivos, mas tamb\u00e9m um comprometimento na inteligibilidade da fala. Os pacientes frequentemente se queixam de que &#8220;ouvem, mas n\u00e3o conseguem entender as palavras&#8221;, especialmente em ambientes ruidosos.<\/p>\n\n<p>Principais sintomas:<\/p>\n\n<ul class=\"wp-block-list\">\n<li><strong>Perda auditiva:<\/strong> pode ser unilateral ou bilateral, de gravidade vari\u00e1vel.<\/li>\n\n\n\n<li><strong>Ru\u00eddo subjetivo no ouvido (tinnitus):<\/strong> zumbido, chiado ou ru\u00eddo constante ou intermitente nos ouvidos que frequentemente acompanha a PANS.<\/li>\n\n\n\n<li><strong>Tontura:<\/strong> pode estar presente se as estruturas vestibulares estiverem envolvidas no processo patol\u00f3gico.<\/li>\n<\/ul>\n\n<p>O diagn\u00f3stico \u00e9 baseado em dados do exame audiol\u00f3gico. A audiometria tonal limiar \u00e9 o &#8220;padr\u00e3o ouro&#8221;: ela detecta um aumento nos limiares de audi\u00e7\u00e3o tanto por via a\u00e9rea quanto \u00f3ssea, sem um intervalo \u00f3sseo-a\u00e9reo significativo.<\/p>\n\n<p>Na maioria dos casos, o tratamento visa \u00e0 reabilita\u00e7\u00e3o, pois \u00e9 imposs\u00edvel restaurar c\u00e9lulas nervosas mortas. A exce\u00e7\u00e3o \u00e9 a perda auditiva neurossensorial aguda, que \u00e9 uma emerg\u00eancia m\u00e9dica que requer hospitaliza\u00e7\u00e3o urgente e altas doses de glicocorticoides. Na PANS cr\u00f4nica, o principal m\u00e9todo de reabilita\u00e7\u00e3o \u00e9 o uso de aparelhos auditivos e, em casos de perda auditiva severa e profunda, o implante coclear.<\/p>\n\n<h2 class=\"wp-block-heading\" id=\"h-&#x434;&#x438;&#x444;&#x444;&#x435;&#x440;&#x435;&#x43D;&#x446;&#x438;&#x430;&#x43B;&#x44C;&#x43D;&#x43E;-&#x434;&#x438;&#x430;&#x433;&#x43D;&#x43E;&#x441;&#x442;&#x438;&#x447;&#x435;&#x441;&#x43A;&#x438;&#x435;-&#x430;&#x441;&#x43F;&#x435;&#x43A;&#x442;&#x44B;\"><strong>Diagn\u00f3stico diferencial<\/strong><\/h2>\n\n<p>A principal tarefa \u00e9 distinguir a perda auditiva neurossensorial da perda auditiva condutiva ou mista. Isso \u00e9 feito atrav\u00e9s do uso de amostragem valvular e audiometria. Uma vez confirmado o diagn\u00f3stico de PANS, a investiga\u00e7\u00e3o diagn\u00f3stica visa estabelecer a sua causa. Qualquer perda auditiva neurossensorial unilateral ou assim\u00e9trica \u00e9 um &#8220;sintoma de alarme&#8221; e requer uma resson\u00e2ncia magn\u00e9tica cerebral com contraste para descartar patologias retrococleares, principalmente o schwannoma vestibular. Dados do hist\u00f3rico m\u00e9dico (exposi\u00e7\u00e3o a ru\u00eddos, medicamentos ou les\u00f5es) e padr\u00f5es audiom\u00e9tricos s\u00e3o frequentemente \u00fateis para estabelecer a etiologia da perda auditiva neurossensorial bilateral cr\u00f4nica.<\/p>\n","protected":false},"excerpt":{"rendered":"<p>A perda auditiva neurossensorial (PANS) \u00e9 um tipo de perda auditiva causada por danos ao aparelho receptivo ao som no ouvido. O processo patol\u00f3gico pode afetar as estruturas do ouvido interno (c\u00e9lulas ciliadas da c\u00f3clea), o nervo vestibulococlear (oitavo par de nervos cranianos) ou as partes centrais do analisador auditivo no c\u00e9rebro.<\/p>\n","protected":false},"featured_media":0,"template":"","class_list":["post-2035","glossary_item","type-glossary_item","status-publish","hentry"],"acf":[],"yoast_head":"<!-- This site is optimized with the Yoast SEO Premium plugin v25.0 (Yoast SEO v26.5) - https:\/\/yoast.com\/wordpress\/plugins\/seo\/ -->\n<title>Perda auditiva neurossensorial: defini\u00e7\u00e3o m\u00e9dica e vis\u00e3o geral | Voka Wiki<\/title>\n<meta name=\"description\" content=\"A perda auditiva neurossensorial (PANS) \u00e9 um tipo de perda auditiva causada por danos ao aparelho receptivo ao som no ouvido. O processo patol\u00f3gico pode afetar as estruturas do ouvido interno (c\u00e9lulas ciliadas da c\u00f3clea), o nervo vestibulococlear (oitavo par de nervos cranianos) ou as partes centrais do analisador auditivo no c\u00e9rebro.\" \/>\n<meta name=\"robots\" content=\"noindex, follow, max-snippet:-1, max-image-preview:large, max-video-preview:-1\" \/>\n<meta property=\"og:locale\" content=\"pt_PT\" \/>\n<meta property=\"og:type\" content=\"article\" \/>\n<meta property=\"og:title\" content=\"Perda auditiva neurossensorial\" \/>\n<meta property=\"og:description\" content=\"A perda auditiva neurossensorial (PANS) \u00e9 um tipo de perda auditiva causada por danos ao aparelho receptivo ao som no ouvido. O processo patol\u00f3gico pode afetar as estruturas do ouvido interno (c\u00e9lulas ciliadas da c\u00f3clea), o nervo vestibulococlear (oitavo par de nervos cranianos) ou as partes centrais do analisador auditivo no c\u00e9rebro.\" \/>\n<meta property=\"og:url\" content=\"https:\/\/wiki.dev.voka.io\/pt\/glossario\/perda-auditiva-neurossensorial\/\" \/>\n<meta property=\"og:site_name\" content=\"Voka Wiki\" \/>\n<meta property=\"article:publisher\" content=\"https:\/\/www.facebook.com\/VOKA3DAnatomyAndPathology\/\" \/>\n<meta property=\"article:modified_time\" content=\"2025-12-11T12:11:16+00:00\" \/>\n<meta name=\"twitter:card\" content=\"summary_large_image\" \/>\n<meta name=\"twitter:label1\" content=\"Tempo estimado de leitura\" \/>\n\t<meta name=\"twitter:data1\" content=\"3 minutos\" \/>\n<script type=\"application\/ld+json\" class=\"yoast-schema-graph\">{\"@context\":\"https:\/\/schema.org\",\"@graph\":[{\"@type\":\"WebPage\",\"@id\":\"https:\/\/wiki.dev.voka.io\/pt\/glossario\/perda-auditiva-neurossensorial\/\",\"url\":\"https:\/\/wiki.dev.voka.io\/pt\/glossario\/perda-auditiva-neurossensorial\/\",\"name\":\"Perda auditiva neurossensorial: defini\u00e7\u00e3o m\u00e9dica e vis\u00e3o geral | Voka Wiki\",\"isPartOf\":{\"@id\":\"https:\/\/wiki.dev.voka.io\/pt\/#website\"},\"datePublished\":\"2025-12-11T12:11:11+00:00\",\"dateModified\":\"2025-12-11T12:11:16+00:00\",\"description\":\"A perda auditiva neurossensorial (PANS) \u00e9 um tipo de perda auditiva causada por danos ao aparelho receptivo ao som no ouvido. O processo patol\u00f3gico pode afetar as estruturas do ouvido interno (c\u00e9lulas ciliadas da c\u00f3clea), o nervo vestibulococlear (oitavo par de nervos cranianos) ou as partes centrais do analisador auditivo no c\u00e9rebro.\",\"breadcrumb\":{\"@id\":\"https:\/\/wiki.dev.voka.io\/pt\/glossario\/perda-auditiva-neurossensorial\/#breadcrumb\"},\"inLanguage\":\"pt-PT\",\"potentialAction\":[{\"@type\":\"ReadAction\",\"target\":[\"https:\/\/wiki.dev.voka.io\/pt\/glossario\/perda-auditiva-neurossensorial\/\"]}]},{\"@type\":\"BreadcrumbList\",\"@id\":\"https:\/\/wiki.dev.voka.io\/pt\/glossario\/perda-auditiva-neurossensorial\/#breadcrumb\",\"itemListElement\":[{\"@type\":\"ListItem\",\"position\":1,\"name\":\"Home\",\"item\":\"https:\/\/wiki.dev.voka.io\/pt\/\"},{\"@type\":\"ListItem\",\"position\":2,\"name\":\"Gloss\u00e1rio\",\"item\":\"https:\/\/wiki.dev.voka.io\/pt\/glossario\/\"},{\"@type\":\"ListItem\",\"position\":3,\"name\":\"Perda auditiva neurossensorial\"}]},{\"@type\":\"WebSite\",\"@id\":\"https:\/\/wiki.dev.voka.io\/pt\/#website\",\"url\":\"https:\/\/wiki.dev.voka.io\/pt\/\",\"name\":\"Voka Wiki\",\"description\":\"\",\"publisher\":{\"@id\":\"https:\/\/wiki.dev.voka.io\/pt\/#organization\"},\"alternateName\":\"Anatomy & Pathology Wiki by VOKA\",\"potentialAction\":[{\"@type\":\"SearchAction\",\"target\":{\"@type\":\"EntryPoint\",\"urlTemplate\":\"https:\/\/wiki.dev.voka.io\/pt\/?s={search_term_string}\"},\"query-input\":{\"@type\":\"PropertyValueSpecification\",\"valueRequired\":true,\"valueName\":\"search_term_string\"}}],\"inLanguage\":\"pt-PT\"},{\"@type\":\"Organization\",\"@id\":\"https:\/\/wiki.dev.voka.io\/pt\/#organization\",\"name\":\"Voka 3D Anatomy & Pathology\",\"alternateName\":\"VOKA\",\"url\":\"https:\/\/wiki.dev.voka.io\/pt\/\",\"logo\":{\"@type\":\"ImageObject\",\"inLanguage\":\"pt-PT\",\"@id\":\"https:\/\/wiki.dev.voka.io\/pt\/#\/schema\/logo\/image\/\",\"url\":\"https:\/\/wiki.dev.voka.io\/wp-content\/uploads\/2025\/02\/cropped-voka-logo-1.png\",\"contentUrl\":\"https:\/\/wiki.dev.voka.io\/wp-content\/uploads\/2025\/02\/cropped-voka-logo-1.png\",\"width\":70,\"height\":16,\"caption\":\"Voka 3D Anatomy & Pathology\"},\"image\":{\"@id\":\"https:\/\/wiki.dev.voka.io\/pt\/#\/schema\/logo\/image\/\"},\"sameAs\":[\"https:\/\/www.facebook.com\/VOKA3DAnatomyAndPathology\/\",\"https:\/\/www.instagram.com\/voka.io\/\",\"https:\/\/www.linkedin.com\/company\/voka-io\/\",\"https:\/\/www.youtube.com\/channel\/UCqGGuOEpr62ScH8Pjk2q5zw\/videos\",\"https:\/\/www.pinterest.com\/VokaAnatomyPro\/\",\"https:\/\/www.threads.com\/@voka.io\"],\"description\":\"VOKA.io offers 3D medical animations and custom 3D modeling services. Our product, VOKA 3D Anatomy & Pathology, is a digital atlas with over 1,000 detailed 3D models of human anatomy and pathology, designed for medical education, training, and patient communication.\",\"email\":\"info@voka.io\",\"telephone\":\"+1 814 351 4442\",\"legalName\":\"Voka 3D Anatomy & Pathology\",\"foundingDate\":\"2017-02-12\",\"naics\":\"541512\",\"numberOfEmployees\":{\"@type\":\"QuantitativeValue\",\"minValue\":\"51\",\"maxValue\":\"200\"},\"publishingPrinciples\":\"https:\/\/wiki.voka.io\/pt\/principios-de-publicacao\/\"}]}<\/script>\n<!-- \/ Yoast SEO Premium plugin. -->","yoast_head_json":{"title":"Perda auditiva neurossensorial: defini\u00e7\u00e3o m\u00e9dica e vis\u00e3o geral | Voka Wiki","description":"A perda auditiva neurossensorial (PANS) \u00e9 um tipo de perda auditiva causada por danos ao aparelho receptivo ao som no ouvido. O processo patol\u00f3gico pode afetar as estruturas do ouvido interno (c\u00e9lulas ciliadas da c\u00f3clea), o nervo vestibulococlear (oitavo par de nervos cranianos) ou as partes centrais do analisador auditivo no c\u00e9rebro.","robots":{"index":"noindex","follow":"follow","max-snippet":"max-snippet:-1","max-image-preview":"max-image-preview:large","max-video-preview":"max-video-preview:-1"},"og_locale":"pt_PT","og_type":"article","og_title":"Perda auditiva neurossensorial","og_description":"A perda auditiva neurossensorial (PANS) \u00e9 um tipo de perda auditiva causada por danos ao aparelho receptivo ao som no ouvido. O processo patol\u00f3gico pode afetar as estruturas do ouvido interno (c\u00e9lulas ciliadas da c\u00f3clea), o nervo vestibulococlear (oitavo par de nervos cranianos) ou as partes centrais do analisador auditivo no c\u00e9rebro.","og_url":"https:\/\/wiki.dev.voka.io\/pt\/glossario\/perda-auditiva-neurossensorial\/","og_site_name":"Voka Wiki","article_publisher":"https:\/\/www.facebook.com\/VOKA3DAnatomyAndPathology\/","article_modified_time":"2025-12-11T12:11:16+00:00","twitter_card":"summary_large_image","twitter_misc":{"Tempo estimado de leitura":"3 minutos"},"schema":{"@context":"https:\/\/schema.org","@graph":[{"@type":"WebPage","@id":"https:\/\/wiki.dev.voka.io\/pt\/glossario\/perda-auditiva-neurossensorial\/","url":"https:\/\/wiki.dev.voka.io\/pt\/glossario\/perda-auditiva-neurossensorial\/","name":"Perda auditiva neurossensorial: defini\u00e7\u00e3o m\u00e9dica e vis\u00e3o geral | Voka Wiki","isPartOf":{"@id":"https:\/\/wiki.dev.voka.io\/pt\/#website"},"datePublished":"2025-12-11T12:11:11+00:00","dateModified":"2025-12-11T12:11:16+00:00","description":"A perda auditiva neurossensorial (PANS) \u00e9 um tipo de perda auditiva causada por danos ao aparelho receptivo ao som no ouvido. O processo patol\u00f3gico pode afetar as estruturas do ouvido interno (c\u00e9lulas ciliadas da c\u00f3clea), o nervo vestibulococlear (oitavo par de nervos cranianos) ou as partes centrais do analisador auditivo no c\u00e9rebro.","breadcrumb":{"@id":"https:\/\/wiki.dev.voka.io\/pt\/glossario\/perda-auditiva-neurossensorial\/#breadcrumb"},"inLanguage":"pt-PT","potentialAction":[{"@type":"ReadAction","target":["https:\/\/wiki.dev.voka.io\/pt\/glossario\/perda-auditiva-neurossensorial\/"]}]},{"@type":"BreadcrumbList","@id":"https:\/\/wiki.dev.voka.io\/pt\/glossario\/perda-auditiva-neurossensorial\/#breadcrumb","itemListElement":[{"@type":"ListItem","position":1,"name":"Home","item":"https:\/\/wiki.dev.voka.io\/pt\/"},{"@type":"ListItem","position":2,"name":"Gloss\u00e1rio","item":"https:\/\/wiki.dev.voka.io\/pt\/glossario\/"},{"@type":"ListItem","position":3,"name":"Perda auditiva neurossensorial"}]},{"@type":"WebSite","@id":"https:\/\/wiki.dev.voka.io\/pt\/#website","url":"https:\/\/wiki.dev.voka.io\/pt\/","name":"Voka Wiki","description":"","publisher":{"@id":"https:\/\/wiki.dev.voka.io\/pt\/#organization"},"alternateName":"Anatomy & Pathology Wiki by VOKA","potentialAction":[{"@type":"SearchAction","target":{"@type":"EntryPoint","urlTemplate":"https:\/\/wiki.dev.voka.io\/pt\/?s={search_term_string}"},"query-input":{"@type":"PropertyValueSpecification","valueRequired":true,"valueName":"search_term_string"}}],"inLanguage":"pt-PT"},{"@type":"Organization","@id":"https:\/\/wiki.dev.voka.io\/pt\/#organization","name":"Voka 3D Anatomy & Pathology","alternateName":"VOKA","url":"https:\/\/wiki.dev.voka.io\/pt\/","logo":{"@type":"ImageObject","inLanguage":"pt-PT","@id":"https:\/\/wiki.dev.voka.io\/pt\/#\/schema\/logo\/image\/","url":"https:\/\/wiki.dev.voka.io\/wp-content\/uploads\/2025\/02\/cropped-voka-logo-1.png","contentUrl":"https:\/\/wiki.dev.voka.io\/wp-content\/uploads\/2025\/02\/cropped-voka-logo-1.png","width":70,"height":16,"caption":"Voka 3D Anatomy & Pathology"},"image":{"@id":"https:\/\/wiki.dev.voka.io\/pt\/#\/schema\/logo\/image\/"},"sameAs":["https:\/\/www.facebook.com\/VOKA3DAnatomyAndPathology\/","https:\/\/www.instagram.com\/voka.io\/","https:\/\/www.linkedin.com\/company\/voka-io\/","https:\/\/www.youtube.com\/channel\/UCqGGuOEpr62ScH8Pjk2q5zw\/videos","https:\/\/www.pinterest.com\/VokaAnatomyPro\/","https:\/\/www.threads.com\/@voka.io"],"description":"VOKA.io offers 3D medical animations and custom 3D modeling services. Our product, VOKA 3D Anatomy & Pathology, is a digital atlas with over 1,000 detailed 3D models of human anatomy and pathology, designed for medical education, training, and patient communication.","email":"info@voka.io","telephone":"+1 814 351 4442","legalName":"Voka 3D Anatomy & Pathology","foundingDate":"2017-02-12","naics":"541512","numberOfEmployees":{"@type":"QuantitativeValue","minValue":"51","maxValue":"200"},"publishingPrinciples":"https:\/\/wiki.voka.io\/pt\/principios-de-publicacao\/"}]}},"_links":{"self":[{"href":"https:\/\/wiki.dev.voka.io\/pt\/wp-json\/wp\/v2\/glossary_item\/2035","targetHints":{"allow":["GET"]}}],"collection":[{"href":"https:\/\/wiki.dev.voka.io\/pt\/wp-json\/wp\/v2\/glossary_item"}],"about":[{"href":"https:\/\/wiki.dev.voka.io\/pt\/wp-json\/wp\/v2\/types\/glossary_item"}],"wp:attachment":[{"href":"https:\/\/wiki.dev.voka.io\/pt\/wp-json\/wp\/v2\/media?parent=2035"}],"curies":[{"name":"wp","href":"https:\/\/api.w.org\/{rel}","templated":true}]}}