{"id":1742,"date":"2025-11-13T14:49:19","date_gmt":"2025-11-13T11:49:19","guid":{"rendered":"https:\/\/wiki.dev.voka.io\/glossary\/tipo-facial-adenoide\/"},"modified":"2025-11-13T14:49:36","modified_gmt":"2025-11-13T11:49:36","slug":"tipo-facial-adenoide","status":"publish","type":"glossary_item","link":"https:\/\/wiki.dev.voka.io\/pt\/glossario\/tipo-facial-adenoide\/","title":{"rendered":"Tipo facial adenoide"},"content":{"rendered":"\n<p>A face adenoide \u00e9 um conjunto t\u00edpico de sintomas com altera\u00e7\u00f5es faciais que se desenvolve em crian\u00e7as como resultado de dist\u00farbios respirat\u00f3rios nasais prolongados e da transi\u00e7\u00e3o para a respira\u00e7\u00e3o bucal constante.<\/p>\n\n<p>Essas altera\u00e7\u00f5es se desenvolvem gradualmente \u00e0 medida que o esqueleto facial cresce e n\u00e3o s\u00e3o meramente uma caracter\u00edstica est\u00e9tica, mas um sinal cl\u00ednico de obstru\u00e7\u00e3o cr\u00f4nica das vias a\u00e9reas superiores.<\/p>\n\n<h2 class=\"wp-block-heading\" id=\"h-&#x44D;&#x442;&#x438;&#x43E;&#x43B;&#x43E;&#x433;&#x438;&#x44F;-&#x438;-&#x43F;&#x430;&#x442;&#x43E;&#x444;&#x438;&#x437;&#x438;&#x43E;&#x43B;&#x43E;&#x433;&#x438;&#x44F;\"><strong>Etiologia e fisiopatologia<\/strong><\/h2>\n\n<p>A principal causa \u00e9 a presen\u00e7a de uma obstru\u00e7\u00e3o mec\u00e2nica na cavidade nasal ou na nasofaringe, mais frequentemente hipertrofia adenoideana (vegeta\u00e7\u00e3o adenoide). Outras causas podem incluir rinite cr\u00f4nica, curvatura acentuada do septo nasal ou p\u00f3lipos.<\/p>\n\n<p>A patog\u00eanese est\u00e1 relacionada ao fato de que a respira\u00e7\u00e3o bucal constante altera o equil\u00edbrio dos m\u00fasculos faciais. Isso causa uma predomin\u00e2ncia do crescimento vertical do esqueleto facial, estreitamento da maxila superior, forma\u00e7\u00e3o de um palato alto (&#8220;g\u00f3tico&#8221;) e m\u00e1 oclus\u00e3o.<\/p>\n\n<h2 class=\"wp-block-heading\" id=\"h-&#x43A;&#x43B;&#x438;&#x43D;&#x438;&#x447;&#x435;&#x441;&#x43A;&#x43E;&#x435;-&#x437;&#x43D;&#x430;&#x447;&#x435;&#x43D;&#x438;&#x435;\"><strong>Import\u00e2ncia cl\u00ednica<\/strong><\/h2>\n\n<p>A face adenoide \u00e9 um importante marcador diagn\u00f3stico que indica um problema s\u00e9rio e de longa data. Problemas cr\u00f4nicos de respira\u00e7\u00e3o nasal podem causar hip\u00f3xia, dist\u00farbios do sono (incluindo a s\u00edndrome da apneia obstrutiva do sono), doen\u00e7as respirat\u00f3rias frequentes e atrasos no desenvolvimento.<\/p>\n\n<p>Os sintomas principais incluem:<\/p>\n\n<ul class=\"wp-block-list\">\n<li>boca constantemente aberta;<\/li>\n\n\n\n<li>rosto alongado, estreito e inchado;<\/li>\n\n\n\n<li>suaviza\u00e7\u00e3o dos sulcos nasolabiais;<\/li>\n\n\n\n<li>desenvolvimento de m\u00e1 oclus\u00e3o.<\/li>\n<\/ul>\n\n<p>A detec\u00e7\u00e3o e elimina\u00e7\u00e3o oportunas da causa (por exemplo, adenotomia) podem interromper o desenvolvimento dessas altera\u00e7\u00f5es e revert\u00ea-las parcial ou completamente, especialmente em idade precoce. Pode ser necess\u00e1rio tratamento ortod\u00f4ntico em uma idade mais avan\u00e7ada.<\/p>\n","protected":false},"excerpt":{"rendered":"<p>A face adenoide \u00e9 um conjunto t\u00edpico de sintomas com altera\u00e7\u00f5es faciais que se desenvolve em crian\u00e7as como resultado de dist\u00farbios respirat\u00f3rios nasais prolongados e da transi\u00e7\u00e3o para a respira\u00e7\u00e3o bucal constante.<\/p>\n","protected":false},"featured_media":0,"template":"","class_list":["post-1742","glossary_item","type-glossary_item","status-publish","hentry"],"acf":[],"yoast_head":"<!-- This site is optimized with the Yoast SEO Premium plugin v25.0 (Yoast SEO v26.5) - https:\/\/yoast.com\/wordpress\/plugins\/seo\/ -->\n<title>Tipo facial adenoide: defini\u00e7\u00e3o m\u00e9dica e vis\u00e3o geral | Voka Wiki<\/title>\n<meta name=\"description\" content=\"A face adenoide \u00e9 um conjunto t\u00edpico de sintomas com altera\u00e7\u00f5es faciais que se desenvolve em crian\u00e7as como resultado de dist\u00farbios respirat\u00f3rios nasais prolongados e da transi\u00e7\u00e3o para a respira\u00e7\u00e3o bucal constante.\" \/>\n<meta name=\"robots\" content=\"noindex, follow, max-snippet:-1, max-image-preview:large, max-video-preview:-1\" \/>\n<meta property=\"og:locale\" content=\"pt_PT\" \/>\n<meta property=\"og:type\" content=\"article\" \/>\n<meta property=\"og:title\" content=\"Tipo facial adenoide\" \/>\n<meta property=\"og:description\" content=\"A face adenoide \u00e9 um conjunto t\u00edpico de sintomas com altera\u00e7\u00f5es faciais que se desenvolve em crian\u00e7as como resultado de dist\u00farbios respirat\u00f3rios nasais prolongados e da transi\u00e7\u00e3o para a respira\u00e7\u00e3o bucal constante.\" \/>\n<meta property=\"og:url\" content=\"https:\/\/wiki.dev.voka.io\/pt\/glossario\/tipo-facial-adenoide\/\" \/>\n<meta property=\"og:site_name\" content=\"Voka Wiki\" \/>\n<meta property=\"article:publisher\" content=\"https:\/\/www.facebook.com\/VOKA3DAnatomyAndPathology\/\" \/>\n<meta property=\"article:modified_time\" content=\"2025-11-13T11:49:36+00:00\" \/>\n<meta name=\"twitter:card\" content=\"summary_large_image\" \/>\n<meta name=\"twitter:label1\" content=\"Tempo estimado de leitura\" \/>\n\t<meta name=\"twitter:data1\" content=\"1 minuto\" \/>\n<script type=\"application\/ld+json\" class=\"yoast-schema-graph\">{\"@context\":\"https:\/\/schema.org\",\"@graph\":[{\"@type\":\"WebPage\",\"@id\":\"https:\/\/wiki.dev.voka.io\/pt\/glossario\/tipo-facial-adenoide\/\",\"url\":\"https:\/\/wiki.dev.voka.io\/pt\/glossario\/tipo-facial-adenoide\/\",\"name\":\"Tipo facial adenoide: defini\u00e7\u00e3o m\u00e9dica e vis\u00e3o geral | Voka Wiki\",\"isPartOf\":{\"@id\":\"https:\/\/wiki.dev.voka.io\/pt\/#website\"},\"datePublished\":\"2025-11-13T11:49:19+00:00\",\"dateModified\":\"2025-11-13T11:49:36+00:00\",\"description\":\"A face adenoide \u00e9 um conjunto t\u00edpico de sintomas com altera\u00e7\u00f5es faciais que se desenvolve em crian\u00e7as como resultado de dist\u00farbios respirat\u00f3rios nasais prolongados e da transi\u00e7\u00e3o para a respira\u00e7\u00e3o bucal constante.\",\"breadcrumb\":{\"@id\":\"https:\/\/wiki.dev.voka.io\/pt\/glossario\/tipo-facial-adenoide\/#breadcrumb\"},\"inLanguage\":\"pt-PT\",\"potentialAction\":[{\"@type\":\"ReadAction\",\"target\":[\"https:\/\/wiki.dev.voka.io\/pt\/glossario\/tipo-facial-adenoide\/\"]}]},{\"@type\":\"BreadcrumbList\",\"@id\":\"https:\/\/wiki.dev.voka.io\/pt\/glossario\/tipo-facial-adenoide\/#breadcrumb\",\"itemListElement\":[{\"@type\":\"ListItem\",\"position\":1,\"name\":\"Home\",\"item\":\"https:\/\/wiki.dev.voka.io\/pt\/\"},{\"@type\":\"ListItem\",\"position\":2,\"name\":\"Gloss\u00e1rio\",\"item\":\"https:\/\/wiki.dev.voka.io\/pt\/glossario\/\"},{\"@type\":\"ListItem\",\"position\":3,\"name\":\"Tipo facial adenoide\"}]},{\"@type\":\"WebSite\",\"@id\":\"https:\/\/wiki.dev.voka.io\/pt\/#website\",\"url\":\"https:\/\/wiki.dev.voka.io\/pt\/\",\"name\":\"Voka Wiki\",\"description\":\"\",\"publisher\":{\"@id\":\"https:\/\/wiki.dev.voka.io\/pt\/#organization\"},\"alternateName\":\"Anatomy & Pathology Wiki by VOKA\",\"potentialAction\":[{\"@type\":\"SearchAction\",\"target\":{\"@type\":\"EntryPoint\",\"urlTemplate\":\"https:\/\/wiki.dev.voka.io\/pt\/?s={search_term_string}\"},\"query-input\":{\"@type\":\"PropertyValueSpecification\",\"valueRequired\":true,\"valueName\":\"search_term_string\"}}],\"inLanguage\":\"pt-PT\"},{\"@type\":\"Organization\",\"@id\":\"https:\/\/wiki.dev.voka.io\/pt\/#organization\",\"name\":\"Voka 3D Anatomy & Pathology\",\"alternateName\":\"VOKA\",\"url\":\"https:\/\/wiki.dev.voka.io\/pt\/\",\"logo\":{\"@type\":\"ImageObject\",\"inLanguage\":\"pt-PT\",\"@id\":\"https:\/\/wiki.dev.voka.io\/pt\/#\/schema\/logo\/image\/\",\"url\":\"https:\/\/wiki.dev.voka.io\/wp-content\/uploads\/2025\/02\/cropped-voka-logo-1.png\",\"contentUrl\":\"https:\/\/wiki.dev.voka.io\/wp-content\/uploads\/2025\/02\/cropped-voka-logo-1.png\",\"width\":70,\"height\":16,\"caption\":\"Voka 3D Anatomy & Pathology\"},\"image\":{\"@id\":\"https:\/\/wiki.dev.voka.io\/pt\/#\/schema\/logo\/image\/\"},\"sameAs\":[\"https:\/\/www.facebook.com\/VOKA3DAnatomyAndPathology\/\",\"https:\/\/www.instagram.com\/voka.io\/\",\"https:\/\/www.linkedin.com\/company\/voka-io\/\",\"https:\/\/www.youtube.com\/channel\/UCqGGuOEpr62ScH8Pjk2q5zw\/videos\",\"https:\/\/www.pinterest.com\/VokaAnatomyPro\/\",\"https:\/\/www.threads.com\/@voka.io\"],\"description\":\"VOKA.io offers 3D medical animations and custom 3D modeling services. Our product, VOKA 3D Anatomy & Pathology, is a digital atlas with over 1,000 detailed 3D models of human anatomy and pathology, designed for medical education, training, and patient communication.\",\"email\":\"info@voka.io\",\"telephone\":\"+1 814 351 4442\",\"legalName\":\"Voka 3D Anatomy & Pathology\",\"foundingDate\":\"2017-02-12\",\"naics\":\"541512\",\"numberOfEmployees\":{\"@type\":\"QuantitativeValue\",\"minValue\":\"51\",\"maxValue\":\"200\"},\"publishingPrinciples\":\"https:\/\/wiki.voka.io\/pt\/principios-de-publicacao\/\"}]}<\/script>\n<!-- \/ Yoast SEO Premium plugin. -->","yoast_head_json":{"title":"Tipo facial adenoide: defini\u00e7\u00e3o m\u00e9dica e vis\u00e3o geral | Voka Wiki","description":"A face adenoide \u00e9 um conjunto t\u00edpico de sintomas com altera\u00e7\u00f5es faciais que se desenvolve em crian\u00e7as como resultado de dist\u00farbios respirat\u00f3rios nasais prolongados e da transi\u00e7\u00e3o para a respira\u00e7\u00e3o bucal constante.","robots":{"index":"noindex","follow":"follow","max-snippet":"max-snippet:-1","max-image-preview":"max-image-preview:large","max-video-preview":"max-video-preview:-1"},"og_locale":"pt_PT","og_type":"article","og_title":"Tipo facial adenoide","og_description":"A face adenoide \u00e9 um conjunto t\u00edpico de sintomas com altera\u00e7\u00f5es faciais que se desenvolve em crian\u00e7as como resultado de dist\u00farbios respirat\u00f3rios nasais prolongados e da transi\u00e7\u00e3o para a respira\u00e7\u00e3o bucal constante.","og_url":"https:\/\/wiki.dev.voka.io\/pt\/glossario\/tipo-facial-adenoide\/","og_site_name":"Voka Wiki","article_publisher":"https:\/\/www.facebook.com\/VOKA3DAnatomyAndPathology\/","article_modified_time":"2025-11-13T11:49:36+00:00","twitter_card":"summary_large_image","twitter_misc":{"Tempo estimado de leitura":"1 minuto"},"schema":{"@context":"https:\/\/schema.org","@graph":[{"@type":"WebPage","@id":"https:\/\/wiki.dev.voka.io\/pt\/glossario\/tipo-facial-adenoide\/","url":"https:\/\/wiki.dev.voka.io\/pt\/glossario\/tipo-facial-adenoide\/","name":"Tipo facial adenoide: defini\u00e7\u00e3o m\u00e9dica e vis\u00e3o geral | Voka Wiki","isPartOf":{"@id":"https:\/\/wiki.dev.voka.io\/pt\/#website"},"datePublished":"2025-11-13T11:49:19+00:00","dateModified":"2025-11-13T11:49:36+00:00","description":"A face adenoide \u00e9 um conjunto t\u00edpico de sintomas com altera\u00e7\u00f5es faciais que se desenvolve em crian\u00e7as como resultado de dist\u00farbios respirat\u00f3rios nasais prolongados e da transi\u00e7\u00e3o para a respira\u00e7\u00e3o bucal constante.","breadcrumb":{"@id":"https:\/\/wiki.dev.voka.io\/pt\/glossario\/tipo-facial-adenoide\/#breadcrumb"},"inLanguage":"pt-PT","potentialAction":[{"@type":"ReadAction","target":["https:\/\/wiki.dev.voka.io\/pt\/glossario\/tipo-facial-adenoide\/"]}]},{"@type":"BreadcrumbList","@id":"https:\/\/wiki.dev.voka.io\/pt\/glossario\/tipo-facial-adenoide\/#breadcrumb","itemListElement":[{"@type":"ListItem","position":1,"name":"Home","item":"https:\/\/wiki.dev.voka.io\/pt\/"},{"@type":"ListItem","position":2,"name":"Gloss\u00e1rio","item":"https:\/\/wiki.dev.voka.io\/pt\/glossario\/"},{"@type":"ListItem","position":3,"name":"Tipo facial adenoide"}]},{"@type":"WebSite","@id":"https:\/\/wiki.dev.voka.io\/pt\/#website","url":"https:\/\/wiki.dev.voka.io\/pt\/","name":"Voka Wiki","description":"","publisher":{"@id":"https:\/\/wiki.dev.voka.io\/pt\/#organization"},"alternateName":"Anatomy & Pathology Wiki by VOKA","potentialAction":[{"@type":"SearchAction","target":{"@type":"EntryPoint","urlTemplate":"https:\/\/wiki.dev.voka.io\/pt\/?s={search_term_string}"},"query-input":{"@type":"PropertyValueSpecification","valueRequired":true,"valueName":"search_term_string"}}],"inLanguage":"pt-PT"},{"@type":"Organization","@id":"https:\/\/wiki.dev.voka.io\/pt\/#organization","name":"Voka 3D Anatomy & Pathology","alternateName":"VOKA","url":"https:\/\/wiki.dev.voka.io\/pt\/","logo":{"@type":"ImageObject","inLanguage":"pt-PT","@id":"https:\/\/wiki.dev.voka.io\/pt\/#\/schema\/logo\/image\/","url":"https:\/\/wiki.dev.voka.io\/wp-content\/uploads\/2025\/02\/cropped-voka-logo-1.png","contentUrl":"https:\/\/wiki.dev.voka.io\/wp-content\/uploads\/2025\/02\/cropped-voka-logo-1.png","width":70,"height":16,"caption":"Voka 3D Anatomy & Pathology"},"image":{"@id":"https:\/\/wiki.dev.voka.io\/pt\/#\/schema\/logo\/image\/"},"sameAs":["https:\/\/www.facebook.com\/VOKA3DAnatomyAndPathology\/","https:\/\/www.instagram.com\/voka.io\/","https:\/\/www.linkedin.com\/company\/voka-io\/","https:\/\/www.youtube.com\/channel\/UCqGGuOEpr62ScH8Pjk2q5zw\/videos","https:\/\/www.pinterest.com\/VokaAnatomyPro\/","https:\/\/www.threads.com\/@voka.io"],"description":"VOKA.io offers 3D medical animations and custom 3D modeling services. Our product, VOKA 3D Anatomy & Pathology, is a digital atlas with over 1,000 detailed 3D models of human anatomy and pathology, designed for medical education, training, and patient communication.","email":"info@voka.io","telephone":"+1 814 351 4442","legalName":"Voka 3D Anatomy & Pathology","foundingDate":"2017-02-12","naics":"541512","numberOfEmployees":{"@type":"QuantitativeValue","minValue":"51","maxValue":"200"},"publishingPrinciples":"https:\/\/wiki.voka.io\/pt\/principios-de-publicacao\/"}]}},"_links":{"self":[{"href":"https:\/\/wiki.dev.voka.io\/pt\/wp-json\/wp\/v2\/glossary_item\/1742","targetHints":{"allow":["GET"]}}],"collection":[{"href":"https:\/\/wiki.dev.voka.io\/pt\/wp-json\/wp\/v2\/glossary_item"}],"about":[{"href":"https:\/\/wiki.dev.voka.io\/pt\/wp-json\/wp\/v2\/types\/glossary_item"}],"wp:attachment":[{"href":"https:\/\/wiki.dev.voka.io\/pt\/wp-json\/wp\/v2\/media?parent=1742"}],"curies":[{"name":"wp","href":"https:\/\/api.w.org\/{rel}","templated":true}]}}