{"id":1739,"date":"2025-11-13T14:49:19","date_gmt":"2025-11-13T11:49:19","guid":{"rendered":"https:\/\/wiki.dev.voka.io\/glossary\/type-facial-adenoide\/"},"modified":"2025-11-13T14:49:29","modified_gmt":"2025-11-13T11:49:29","slug":"type-facial-adenoide","status":"publish","type":"glossary_item","link":"https:\/\/wiki.dev.voka.io\/fr\/glossaire\/type-facial-adenoide\/","title":{"rendered":"Type facial ad\u00e9no\u00efde"},"content":{"rendered":"\n<p>Le type facial ad\u00e9no\u00efde est un ensemble typique de sympt\u00f4mes accompagn\u00e9s de modifications du visage qui se d\u00e9veloppent chez les enfants suite \u00e0 des troubles prolong\u00e9s de la respiration nasale et du passage \u00e0 une respiration par la bouche constante.<\/p>\n\n<p>Ces changements se d\u00e9veloppent progressivement \u00e0 mesure que le squelette facial grandit. Ils ne constituent pas seulement une caract\u00e9ristique esth\u00e9tique, mais un signe clinique d&rsquo;obstruction chronique des voies respiratoires sup\u00e9rieures.<\/p>\n\n<h2 class=\"wp-block-heading\" id=\"h-&#x44D;&#x442;&#x438;&#x43E;&#x43B;&#x43E;&#x433;&#x438;&#x44F;-&#x438;-&#x43F;&#x430;&#x442;&#x43E;&#x444;&#x438;&#x437;&#x438;&#x43E;&#x43B;&#x43E;&#x433;&#x438;&#x44F;\"><strong>\u00c9tiologie et physiopathologie<\/strong><\/h2>\n\n<p>La cause principale est la pr\u00e9sence d&rsquo;une obstruction m\u00e9canique dans la cavit\u00e9 nasale ou le nasopharynx, le plus souvent une hypertrophie des v\u00e9g\u00e9tations ad\u00e9no\u00efdes (v\u00e9g\u00e9tation ad\u00e9no\u00efde). Les autres causes possibles incluent une rhinite chronique, une courbure importante de la cloison nasale ou des polypes.<\/p>\n\n<p>La pathogen\u00e8se est li\u00e9e au fait que la respiration par la bouche constante modifie l&rsquo;\u00e9quilibre des muscles faciaux. Cela entra\u00eene une pr\u00e9dominance de la croissance verticale du squelette facial, un r\u00e9tr\u00e9cissement de la m\u00e2choire sup\u00e9rieure, la formation d&rsquo;un palais haut (\u00ab\u00a0gothique\u00a0\u00bb) et une malocclusion.<\/p>\n\n<h2 class=\"wp-block-heading\" id=\"h-&#x43A;&#x43B;&#x438;&#x43D;&#x438;&#x447;&#x435;&#x441;&#x43A;&#x43E;&#x435;-&#x437;&#x43D;&#x430;&#x447;&#x435;&#x43D;&#x438;&#x435;\"><strong>Importance clinique<\/strong><\/h2>\n\n<p>Le type facial ad\u00e9no\u00efde est un marqueur diagnostique important qui indique un probl\u00e8me grave qui dure depuis longtemps. Les probl\u00e8mes chroniques de respiration par le nez peuvent entra\u00eener une hypoxie, des troubles du sommeil (notamment le syndrome d&rsquo;apn\u00e9e obstructive du sommeil), des maladies respiratoires fr\u00e9quentes et des retards de d\u00e9veloppement.<\/p>\n\n<p>Les principaux signes incluent\u00a0:<\/p>\n\n<ul class=\"wp-block-list\">\n<li>la bouche constamment ouverte\u00a0;<\/li>\n\n\n\n<li>le visage allong\u00e9, \u00e9troit et bouffi\u00a0;<\/li>\n\n\n\n<li>le lissage des sillons nasog\u00e9niens\u00a0;<\/li>\n\n\n\n<li>le d\u00e9veloppement d&rsquo;une malocclusion.<\/li>\n<\/ul>\n\n<p>La d\u00e9tection et l&rsquo;\u00e9limination rapides de la cause (par exemple par ad\u00e9notomie) peuvent stopper le d\u00e9veloppement de ces changements et les inverser partiellement ou compl\u00e8tement, en particulier si elles sont entreprises \u00e0 un \u00e2ge pr\u00e9coce. Un traitement orthodontique peut \u00eatre n\u00e9cessaire \u00e0 un \u00e2ge plus avanc\u00e9.<\/p>\n","protected":false},"excerpt":{"rendered":"<p>Le type facial ad\u00e9no\u00efde est un ensemble typique de sympt\u00f4mes accompagn\u00e9s de modifications du visage qui se d\u00e9veloppent chez les enfants suite \u00e0 des troubles prolong\u00e9s de la respiration nasale et du passage \u00e0 une respiration par la bouche constante.<\/p>\n","protected":false},"featured_media":0,"template":"","class_list":["post-1739","glossary_item","type-glossary_item","status-publish","hentry"],"acf":[],"yoast_head":"<!-- This site is optimized with the Yoast SEO Premium plugin v25.0 (Yoast SEO v26.5) - https:\/\/yoast.com\/wordpress\/plugins\/seo\/ -->\n<title>Type facial ad\u00e9no\u00efde : d\u00e9finition m\u00e9dicale et description | Voka Wiki<\/title>\n<meta name=\"description\" content=\"Le type facial ad\u00e9no\u00efde est un ensemble typique de sympt\u00f4mes accompagn\u00e9s de modifications du visage qui se d\u00e9veloppent chez les enfants suite \u00e0 des troubles prolong\u00e9s de la respiration nasale et du passage \u00e0 une respiration par la bouche constante.\" \/>\n<meta name=\"robots\" content=\"noindex, follow, max-snippet:-1, max-image-preview:large, max-video-preview:-1\" \/>\n<meta property=\"og:locale\" content=\"fr_FR\" \/>\n<meta property=\"og:type\" content=\"article\" \/>\n<meta property=\"og:title\" content=\"Type facial ad\u00e9no\u00efde\" \/>\n<meta property=\"og:description\" content=\"Le type facial ad\u00e9no\u00efde est un ensemble typique de sympt\u00f4mes accompagn\u00e9s de modifications du visage qui se d\u00e9veloppent chez les enfants suite \u00e0 des troubles prolong\u00e9s de la respiration nasale et du passage \u00e0 une respiration par la bouche constante.\" \/>\n<meta property=\"og:url\" content=\"https:\/\/wiki.dev.voka.io\/fr\/glossaire\/type-facial-adenoide\/\" \/>\n<meta property=\"og:site_name\" content=\"Voka Wiki\" \/>\n<meta property=\"article:publisher\" content=\"https:\/\/www.facebook.com\/VOKA3DAnatomyAndPathology\/\" \/>\n<meta property=\"article:modified_time\" content=\"2025-11-13T11:49:29+00:00\" \/>\n<meta name=\"twitter:card\" content=\"summary_large_image\" \/>\n<meta name=\"twitter:label1\" content=\"Dur\u00e9e de lecture estim\u00e9e\" \/>\n\t<meta name=\"twitter:data1\" content=\"2 minutes\" \/>\n<script type=\"application\/ld+json\" class=\"yoast-schema-graph\">{\"@context\":\"https:\/\/schema.org\",\"@graph\":[{\"@type\":\"WebPage\",\"@id\":\"https:\/\/wiki.dev.voka.io\/fr\/glossaire\/type-facial-adenoide\/\",\"url\":\"https:\/\/wiki.dev.voka.io\/fr\/glossaire\/type-facial-adenoide\/\",\"name\":\"Type facial ad\u00e9no\u00efde : d\u00e9finition m\u00e9dicale et description | Voka Wiki\",\"isPartOf\":{\"@id\":\"https:\/\/wiki.dev.voka.io\/fr\/#website\"},\"datePublished\":\"2025-11-13T11:49:19+00:00\",\"dateModified\":\"2025-11-13T11:49:29+00:00\",\"description\":\"Le type facial ad\u00e9no\u00efde est un ensemble typique de sympt\u00f4mes accompagn\u00e9s de modifications du visage qui se d\u00e9veloppent chez les enfants suite \u00e0 des troubles prolong\u00e9s de la respiration nasale et du passage \u00e0 une respiration par la bouche constante.\",\"breadcrumb\":{\"@id\":\"https:\/\/wiki.dev.voka.io\/fr\/glossaire\/type-facial-adenoide\/#breadcrumb\"},\"inLanguage\":\"fr-FR\",\"potentialAction\":[{\"@type\":\"ReadAction\",\"target\":[\"https:\/\/wiki.dev.voka.io\/fr\/glossaire\/type-facial-adenoide\/\"]}]},{\"@type\":\"BreadcrumbList\",\"@id\":\"https:\/\/wiki.dev.voka.io\/fr\/glossaire\/type-facial-adenoide\/#breadcrumb\",\"itemListElement\":[{\"@type\":\"ListItem\",\"position\":1,\"name\":\"Home\",\"item\":\"https:\/\/wiki.dev.voka.io\/fr\/\"},{\"@type\":\"ListItem\",\"position\":2,\"name\":\"Glossaire\",\"item\":\"https:\/\/wiki.dev.voka.io\/fr\/glossaire\/\"},{\"@type\":\"ListItem\",\"position\":3,\"name\":\"Type facial ad\u00e9no\u00efde\"}]},{\"@type\":\"WebSite\",\"@id\":\"https:\/\/wiki.dev.voka.io\/fr\/#website\",\"url\":\"https:\/\/wiki.dev.voka.io\/fr\/\",\"name\":\"Voka Wiki\",\"description\":\"\",\"publisher\":{\"@id\":\"https:\/\/wiki.dev.voka.io\/fr\/#organization\"},\"alternateName\":\"Anatomy & Pathology Wiki by VOKA\",\"potentialAction\":[{\"@type\":\"SearchAction\",\"target\":{\"@type\":\"EntryPoint\",\"urlTemplate\":\"https:\/\/wiki.dev.voka.io\/fr\/?s={search_term_string}\"},\"query-input\":{\"@type\":\"PropertyValueSpecification\",\"valueRequired\":true,\"valueName\":\"search_term_string\"}}],\"inLanguage\":\"fr-FR\"},{\"@type\":\"Organization\",\"@id\":\"https:\/\/wiki.dev.voka.io\/fr\/#organization\",\"name\":\"Voka 3D Anatomy & Pathology\",\"alternateName\":\"VOKA\",\"url\":\"https:\/\/wiki.dev.voka.io\/fr\/\",\"logo\":{\"@type\":\"ImageObject\",\"inLanguage\":\"fr-FR\",\"@id\":\"https:\/\/wiki.dev.voka.io\/fr\/#\/schema\/logo\/image\/\",\"url\":\"https:\/\/wiki.dev.voka.io\/wp-content\/uploads\/2025\/02\/cropped-voka-logo-1.png\",\"contentUrl\":\"https:\/\/wiki.dev.voka.io\/wp-content\/uploads\/2025\/02\/cropped-voka-logo-1.png\",\"width\":70,\"height\":16,\"caption\":\"Voka 3D Anatomy & Pathology\"},\"image\":{\"@id\":\"https:\/\/wiki.dev.voka.io\/fr\/#\/schema\/logo\/image\/\"},\"sameAs\":[\"https:\/\/www.facebook.com\/VOKA3DAnatomyAndPathology\/\",\"https:\/\/www.instagram.com\/voka.io\/\",\"https:\/\/www.linkedin.com\/company\/voka-io\/\",\"https:\/\/www.youtube.com\/channel\/UCqGGuOEpr62ScH8Pjk2q5zw\/videos\",\"https:\/\/www.pinterest.com\/VokaAnatomyPro\/\",\"https:\/\/www.threads.com\/@voka.io\"],\"description\":\"VOKA.io offers 3D medical animations and custom 3D modeling services. Our product, VOKA 3D Anatomy & Pathology, is a digital atlas with over 1,000 detailed 3D models of human anatomy and pathology, designed for medical education, training, and patient communication.\",\"email\":\"info@voka.io\",\"telephone\":\"+1 814 351 4442\",\"legalName\":\"Voka 3D Anatomy & Pathology\",\"foundingDate\":\"2017-02-12\",\"naics\":\"541512\",\"numberOfEmployees\":{\"@type\":\"QuantitativeValue\",\"minValue\":\"51\",\"maxValue\":\"200\"},\"publishingPrinciples\":\"https:\/\/wiki.voka.io\/fr\/principes-de-publication\/\"}]}<\/script>\n<!-- \/ Yoast SEO Premium plugin. -->","yoast_head_json":{"title":"Type facial ad\u00e9no\u00efde : d\u00e9finition m\u00e9dicale et description | Voka Wiki","description":"Le type facial ad\u00e9no\u00efde est un ensemble typique de sympt\u00f4mes accompagn\u00e9s de modifications du visage qui se d\u00e9veloppent chez les enfants suite \u00e0 des troubles prolong\u00e9s de la respiration nasale et du passage \u00e0 une respiration par la bouche constante.","robots":{"index":"noindex","follow":"follow","max-snippet":"max-snippet:-1","max-image-preview":"max-image-preview:large","max-video-preview":"max-video-preview:-1"},"og_locale":"fr_FR","og_type":"article","og_title":"Type facial ad\u00e9no\u00efde","og_description":"Le type facial ad\u00e9no\u00efde est un ensemble typique de sympt\u00f4mes accompagn\u00e9s de modifications du visage qui se d\u00e9veloppent chez les enfants suite \u00e0 des troubles prolong\u00e9s de la respiration nasale et du passage \u00e0 une respiration par la bouche constante.","og_url":"https:\/\/wiki.dev.voka.io\/fr\/glossaire\/type-facial-adenoide\/","og_site_name":"Voka Wiki","article_publisher":"https:\/\/www.facebook.com\/VOKA3DAnatomyAndPathology\/","article_modified_time":"2025-11-13T11:49:29+00:00","twitter_card":"summary_large_image","twitter_misc":{"Dur\u00e9e de lecture estim\u00e9e":"2 minutes"},"schema":{"@context":"https:\/\/schema.org","@graph":[{"@type":"WebPage","@id":"https:\/\/wiki.dev.voka.io\/fr\/glossaire\/type-facial-adenoide\/","url":"https:\/\/wiki.dev.voka.io\/fr\/glossaire\/type-facial-adenoide\/","name":"Type facial ad\u00e9no\u00efde : d\u00e9finition m\u00e9dicale et description | Voka Wiki","isPartOf":{"@id":"https:\/\/wiki.dev.voka.io\/fr\/#website"},"datePublished":"2025-11-13T11:49:19+00:00","dateModified":"2025-11-13T11:49:29+00:00","description":"Le type facial ad\u00e9no\u00efde est un ensemble typique de sympt\u00f4mes accompagn\u00e9s de modifications du visage qui se d\u00e9veloppent chez les enfants suite \u00e0 des troubles prolong\u00e9s de la respiration nasale et du passage \u00e0 une respiration par la bouche constante.","breadcrumb":{"@id":"https:\/\/wiki.dev.voka.io\/fr\/glossaire\/type-facial-adenoide\/#breadcrumb"},"inLanguage":"fr-FR","potentialAction":[{"@type":"ReadAction","target":["https:\/\/wiki.dev.voka.io\/fr\/glossaire\/type-facial-adenoide\/"]}]},{"@type":"BreadcrumbList","@id":"https:\/\/wiki.dev.voka.io\/fr\/glossaire\/type-facial-adenoide\/#breadcrumb","itemListElement":[{"@type":"ListItem","position":1,"name":"Home","item":"https:\/\/wiki.dev.voka.io\/fr\/"},{"@type":"ListItem","position":2,"name":"Glossaire","item":"https:\/\/wiki.dev.voka.io\/fr\/glossaire\/"},{"@type":"ListItem","position":3,"name":"Type facial ad\u00e9no\u00efde"}]},{"@type":"WebSite","@id":"https:\/\/wiki.dev.voka.io\/fr\/#website","url":"https:\/\/wiki.dev.voka.io\/fr\/","name":"Voka Wiki","description":"","publisher":{"@id":"https:\/\/wiki.dev.voka.io\/fr\/#organization"},"alternateName":"Anatomy & Pathology Wiki by VOKA","potentialAction":[{"@type":"SearchAction","target":{"@type":"EntryPoint","urlTemplate":"https:\/\/wiki.dev.voka.io\/fr\/?s={search_term_string}"},"query-input":{"@type":"PropertyValueSpecification","valueRequired":true,"valueName":"search_term_string"}}],"inLanguage":"fr-FR"},{"@type":"Organization","@id":"https:\/\/wiki.dev.voka.io\/fr\/#organization","name":"Voka 3D Anatomy & Pathology","alternateName":"VOKA","url":"https:\/\/wiki.dev.voka.io\/fr\/","logo":{"@type":"ImageObject","inLanguage":"fr-FR","@id":"https:\/\/wiki.dev.voka.io\/fr\/#\/schema\/logo\/image\/","url":"https:\/\/wiki.dev.voka.io\/wp-content\/uploads\/2025\/02\/cropped-voka-logo-1.png","contentUrl":"https:\/\/wiki.dev.voka.io\/wp-content\/uploads\/2025\/02\/cropped-voka-logo-1.png","width":70,"height":16,"caption":"Voka 3D Anatomy & Pathology"},"image":{"@id":"https:\/\/wiki.dev.voka.io\/fr\/#\/schema\/logo\/image\/"},"sameAs":["https:\/\/www.facebook.com\/VOKA3DAnatomyAndPathology\/","https:\/\/www.instagram.com\/voka.io\/","https:\/\/www.linkedin.com\/company\/voka-io\/","https:\/\/www.youtube.com\/channel\/UCqGGuOEpr62ScH8Pjk2q5zw\/videos","https:\/\/www.pinterest.com\/VokaAnatomyPro\/","https:\/\/www.threads.com\/@voka.io"],"description":"VOKA.io offers 3D medical animations and custom 3D modeling services. Our product, VOKA 3D Anatomy & Pathology, is a digital atlas with over 1,000 detailed 3D models of human anatomy and pathology, designed for medical education, training, and patient communication.","email":"info@voka.io","telephone":"+1 814 351 4442","legalName":"Voka 3D Anatomy & Pathology","foundingDate":"2017-02-12","naics":"541512","numberOfEmployees":{"@type":"QuantitativeValue","minValue":"51","maxValue":"200"},"publishingPrinciples":"https:\/\/wiki.voka.io\/fr\/principes-de-publication\/"}]}},"_links":{"self":[{"href":"https:\/\/wiki.dev.voka.io\/fr\/wp-json\/wp\/v2\/glossary_item\/1739","targetHints":{"allow":["GET"]}}],"collection":[{"href":"https:\/\/wiki.dev.voka.io\/fr\/wp-json\/wp\/v2\/glossary_item"}],"about":[{"href":"https:\/\/wiki.dev.voka.io\/fr\/wp-json\/wp\/v2\/types\/glossary_item"}],"wp:attachment":[{"href":"https:\/\/wiki.dev.voka.io\/fr\/wp-json\/wp\/v2\/media?parent=1739"}],"curies":[{"name":"wp","href":"https:\/\/api.w.org\/{rel}","templated":true}]}}