{"id":2423,"date":"2026-01-29T17:46:18","date_gmt":"2026-01-29T14:46:18","guid":{"rendered":"https:\/\/wiki.dev.voka.io\/glossary\/rachen\/"},"modified":"2026-01-29T17:46:22","modified_gmt":"2026-01-29T14:46:22","slug":"rachen","status":"publish","type":"glossary_item","link":"https:\/\/wiki.dev.voka.io\/de\/glossar\/rachen\/","title":{"rendered":"Rachen"},"content":{"rendered":"\n<p>Der Rachen ( <em>Pharynx<\/em>) ist ein muskul\u00e4rer, trichterf\u00f6rmiger Kanal, der die Verbindung zwischen Nasen- und Mundh\u00f6hle einerseits und Kehlkopf und Speiser\u00f6hre andererseits herstellt. Es handelt sich um eine besondere anatomische Region, in der sich die Atemwege und der Verdauungstrakt \u00fcberkreuzen und die gleichzeitig zu beiden Systemen geh\u00f6rt.<\/p>\n\n<p>Der Rachen erstreckt sich von der Sch\u00e4delbasis bis etwa zur H\u00f6he des 6. Halswirbels, wo er in die Speiser\u00f6hre \u00fcbergeht. Seine W\u00e4nde bestehen aus Muskeln, die ihn zusammenziehen (Schlundschn\u00fcrer) und anheben und somit den komplexen Schluckakt erm\u00f6glichen.<\/p>\n\n<h2 class=\"wp-block-heading\" id=\"h-&#x430;&#x43D;&#x430;&#x442;&#x43E;&#x43C;&#x438;&#x447;&#x435;&#x441;&#x43A;&#x43E;&#x435;-&#x441;&#x442;&#x440;&#x43E;&#x435;&#x43D;&#x438;&#x435;-&#x438;-&#x43E;&#x442;&#x434;&#x435;&#x43B;&#x44B;\"><strong>Anatomie und Abschnitte<\/strong><\/h2>\n\n<p>Man unterscheidet drei Abschnitte des Pharynx, von denen jeder seine eigenen strukturellen und funktionellen Besonderheiten aufweist.<\/p>\n\n<p>Das sind:<\/p>\n\n<ul class=\"wp-block-list\">\n<li><strong>Nasopharynx (Nasenrachenraum)<\/strong> (oberer Abschnitt, <em>Epipharynx<\/em>):\n<ul class=\"wp-block-list\">\n<li>Lage: hinter der Nasenh\u00f6hle, auf H\u00f6he des 1. und 2. Halswirbels.<\/li>\n\n\n\n<li>Funktion: ausschlie\u00dflich Atmung. Der Nasopharynx ist mit Flimmerepithel ausgekleidet, das f\u00fcr die Atemwege typisch ist.<\/li>\n\n\n\n<li>Strukturen: Im Dach befindet sich die Rachenmandel (Tonsilla pharyngea) und zu beiden Seiten die \u00d6ffnungen der Tuba auditiva (Ostium pharyngeum tubae auditivae).<\/li>\n<\/ul>\n<\/li>\n\n\n\n<li><strong>Oropharynx (Mundrachenraum)<\/strong> (mittlerer Abschnitt, <em>Mesopharynx<\/em>):\n<ul class=\"wp-block-list\">\n<li>Lage: hinter der Mundh\u00f6hle. Die obere Grenze bildet der weiche Gaumen und die untere liegt etwa am Kehlkopfeingang.<\/li>\n\n\n\n<li>Funktion: Gemischt\u00a0\u2014 Atem- und Speiseweg. Die oropharyngeale Schleimhaut ist mit Plattenepithel \u00fcberzogen, das gegen\u00fcber mechanischen Reibungen resistent ist.<\/li>\n\n\n\n<li>Strukturen: hier liegen die Gaumenmandeln und die Zungenmandel.<\/li>\n<\/ul>\n<\/li>\n\n\n\n<li><strong>Laryngopharynx (Kehlkopfrachenraum)<\/strong> (unterer Abschnitt, <em>Hypopharynx<\/em>):\n<ul class=\"wp-block-list\">\n<li>Lage: hinter dem Kehlkopf, etwa von Kehldeckel bis zum \u00dcbergang in den \u00d6sophagus.<\/li>\n\n\n\n<li>Funktion: haupts\u00e4chlich Speiseweg, der Hypopharynx leitet den Bollus in die Speiser\u00f6hre weiter.<\/li>\n<\/ul>\n<\/li>\n<\/ul>\n\n<h2 class=\"wp-block-heading\" id=\"h-&#x444;&#x443;&#x43D;&#x43A;&#x446;&#x438;&#x438;-&#x433;&#x43B;&#x43E;&#x442;&#x43A;&#x438;\"><strong>Funktionen des Rachens<\/strong><\/h2>\n\n<p>Der Rachen erf\u00fcllt aufgrund seiner Struktur und Lage mehrere lebenswichtige Funktionen.<\/p>\n\n<p>Dies sind:<\/p>\n\n<ul class=\"wp-block-list\">\n<li><strong>Atemweg:<\/strong> Fortleitung der Luft aus den Nasen- und Mundh\u00f6hlen in den Kehlkopf.<\/li>\n\n\n\n<li><strong>Speiseweg:<\/strong> Aktives Vorantreiben des Speisebreis aus der Mundh\u00f6hle in die Speiser\u00f6hre w\u00e4hrend des Schluckvorgangs. Beim Schlucken dichten das weiche Gaumensegel und der Kehldeckel die Atemwege ab und verhindern so, dass Nahrung in den Nasenrachenraum und den Larynx gelangt.<\/li>\n\n\n\n<li><strong>Schutz:<\/strong> Der m\u00e4chtige lymphatische Waldayer-Rachenring (Tonsillen) bildet eine Barriere gegen Infektionserreger. Der W\u00fcrgreflex verhindert das Eindringen von Fremdk\u00f6rpern in die Atemwege.<\/li>\n\n\n\n<li><strong>Sprachproduktion (Resonator):<\/strong> Der Rachen ver\u00e4ndert seine Form und Volumen und ist an der Stimmbildung beteiligt, indem er als ein Resonator fungiert und der Stimme Klangfarbe und Kraft verleiht.<\/li>\n<\/ul>\n\n<h2 class=\"wp-block-heading\" id=\"h-&#x43A;&#x43B;&#x438;&#x43D;&#x438;&#x447;&#x435;&#x441;&#x43A;&#x43E;&#x435;-&#x437;&#x43D;&#x430;&#x447;&#x435;&#x43D;&#x438;&#x435;\"><strong>Klinische Signifikanz<\/strong><\/h2>\n\n<p>Der Rachen ist Ursprungsort der verschiedensten Krankheiten. Am h\u00e4ufigsten sind akute und chronische Entz\u00fcndungsprozesse wie Pharyngitis (Schleimhautentz\u00fcndung), Tonsillitis (Angina tonsillaris) und Adenoiditis. Eine Tonsillenhyperplasie kann die Atemwege verlegen und zu H\u00f6rst\u00f6rungen f\u00fchren. Au\u00dferdem ist der Rachen ein h\u00e4ufiger Ort f\u00fcr Fremdk\u00f6rper. In der Onkologie z\u00e4hlen b\u00f6sartige Neubildungen, vor allem Plattenepithelkarzinome, zu den wichtigsten pharyngealen Erkrankungen, deren Entstehung eng mit Rauchen, Alkoholkonsum und HPV-Infektionen zusammenh\u00e4ngt.<\/p>\n","protected":false},"excerpt":{"rendered":"<p>Der Rachen (Pharynx) ist ein muskul\u00f6ser, trichterf\u00f6rmiger Kanal, der die Verbindung zwischen Nasen- und Mundh\u00f6hle einerseits und Kehlkopf und Speiser\u00f6hre andererseits herstellt. Es handelt sich um eine besondere anatomische Region, in der sich die Atemwege und der Verdauungstrakt \u00fcberkreuzen und die gleichzeitig zu beiden Systemen geh\u00f6rt.<\/p>\n","protected":false},"featured_media":0,"template":"","class_list":["post-2423","glossary_item","type-glossary_item","status-publish","hentry"],"acf":[],"yoast_head":"<!-- This site is optimized with the Yoast SEO Premium plugin v25.0 (Yoast SEO v26.5) - https:\/\/yoast.com\/wordpress\/plugins\/seo\/ -->\n<title>Rachen: medizinische Definition und \u00dcberblick | Voka Wiki<\/title>\n<meta name=\"description\" content=\"Der Rachen (Pharynx) ist ein muskul\u00f6ser, trichterf\u00f6rmiger Kanal, der die Verbindung zwischen Nasen- und Mundh\u00f6hle einerseits und Kehlkopf und Speiser\u00f6hre andererseits herstellt. Es handelt sich um eine besondere anatomische Region, in der sich die Atemwege und der Verdauungstrakt \u00fcberkreuzen und die gleichzeitig zu beiden Systemen geh\u00f6rt.\" \/>\n<meta name=\"robots\" content=\"noindex, follow, max-snippet:-1, max-image-preview:large, max-video-preview:-1\" \/>\n<meta property=\"og:locale\" content=\"de_DE\" \/>\n<meta property=\"og:type\" content=\"article\" \/>\n<meta property=\"og:title\" content=\"Rachen\" \/>\n<meta property=\"og:description\" content=\"Der Rachen (Pharynx) ist ein muskul\u00f6ser, trichterf\u00f6rmiger Kanal, der die Verbindung zwischen Nasen- und Mundh\u00f6hle einerseits und Kehlkopf und Speiser\u00f6hre andererseits herstellt. Es handelt sich um eine besondere anatomische Region, in der sich die Atemwege und der Verdauungstrakt \u00fcberkreuzen und die gleichzeitig zu beiden Systemen geh\u00f6rt.\" \/>\n<meta property=\"og:url\" content=\"https:\/\/wiki.dev.voka.io\/de\/glossar\/rachen\/\" \/>\n<meta property=\"og:site_name\" content=\"Voka Wiki\" \/>\n<meta property=\"article:publisher\" content=\"https:\/\/www.facebook.com\/VOKA3DAnatomyAndPathology\/\" \/>\n<meta property=\"article:modified_time\" content=\"2026-01-29T14:46:22+00:00\" \/>\n<meta name=\"twitter:card\" content=\"summary_large_image\" \/>\n<meta name=\"twitter:label1\" content=\"Gesch\u00e4tzte Lesezeit\" \/>\n\t<meta name=\"twitter:data1\" content=\"2\u00a0Minuten\" \/>\n<script type=\"application\/ld+json\" class=\"yoast-schema-graph\">{\"@context\":\"https:\/\/schema.org\",\"@graph\":[{\"@type\":\"WebPage\",\"@id\":\"https:\/\/wiki.dev.voka.io\/de\/glossar\/rachen\/\",\"url\":\"https:\/\/wiki.dev.voka.io\/de\/glossar\/rachen\/\",\"name\":\"Rachen: medizinische Definition und \u00dcberblick | Voka Wiki\",\"isPartOf\":{\"@id\":\"https:\/\/wiki.dev.voka.io\/de\/#website\"},\"datePublished\":\"2026-01-29T14:46:18+00:00\",\"dateModified\":\"2026-01-29T14:46:22+00:00\",\"description\":\"Der Rachen (Pharynx) ist ein muskul\u00f6ser, trichterf\u00f6rmiger Kanal, der die Verbindung zwischen Nasen- und Mundh\u00f6hle einerseits und Kehlkopf und Speiser\u00f6hre andererseits herstellt. Es handelt sich um eine besondere anatomische Region, in der sich die Atemwege und der Verdauungstrakt \u00fcberkreuzen und die gleichzeitig zu beiden Systemen geh\u00f6rt.\",\"breadcrumb\":{\"@id\":\"https:\/\/wiki.dev.voka.io\/de\/glossar\/rachen\/#breadcrumb\"},\"inLanguage\":\"de\",\"potentialAction\":[{\"@type\":\"ReadAction\",\"target\":[\"https:\/\/wiki.dev.voka.io\/de\/glossar\/rachen\/\"]}]},{\"@type\":\"BreadcrumbList\",\"@id\":\"https:\/\/wiki.dev.voka.io\/de\/glossar\/rachen\/#breadcrumb\",\"itemListElement\":[{\"@type\":\"ListItem\",\"position\":1,\"name\":\"Home\",\"item\":\"https:\/\/wiki.dev.voka.io\/de\/\"},{\"@type\":\"ListItem\",\"position\":2,\"name\":\"Glossar\",\"item\":\"https:\/\/wiki.dev.voka.io\/de\/glossar\/\"},{\"@type\":\"ListItem\",\"position\":3,\"name\":\"Rachen\"}]},{\"@type\":\"WebSite\",\"@id\":\"https:\/\/wiki.dev.voka.io\/de\/#website\",\"url\":\"https:\/\/wiki.dev.voka.io\/de\/\",\"name\":\"Voka Wiki\",\"description\":\"\",\"publisher\":{\"@id\":\"https:\/\/wiki.dev.voka.io\/de\/#organization\"},\"alternateName\":\"Anatomy & Pathology Wiki by VOKA\",\"potentialAction\":[{\"@type\":\"SearchAction\",\"target\":{\"@type\":\"EntryPoint\",\"urlTemplate\":\"https:\/\/wiki.dev.voka.io\/de\/?s={search_term_string}\"},\"query-input\":{\"@type\":\"PropertyValueSpecification\",\"valueRequired\":true,\"valueName\":\"search_term_string\"}}],\"inLanguage\":\"de\"},{\"@type\":\"Organization\",\"@id\":\"https:\/\/wiki.dev.voka.io\/de\/#organization\",\"name\":\"Voka 3D Anatomy & Pathology\",\"alternateName\":\"VOKA\",\"url\":\"https:\/\/wiki.dev.voka.io\/de\/\",\"logo\":{\"@type\":\"ImageObject\",\"inLanguage\":\"de\",\"@id\":\"https:\/\/wiki.dev.voka.io\/de\/#\/schema\/logo\/image\/\",\"url\":\"https:\/\/wiki.dev.voka.io\/wp-content\/uploads\/2025\/02\/cropped-voka-logo-1.png\",\"contentUrl\":\"https:\/\/wiki.dev.voka.io\/wp-content\/uploads\/2025\/02\/cropped-voka-logo-1.png\",\"width\":70,\"height\":16,\"caption\":\"Voka 3D Anatomy & Pathology\"},\"image\":{\"@id\":\"https:\/\/wiki.dev.voka.io\/de\/#\/schema\/logo\/image\/\"},\"sameAs\":[\"https:\/\/www.facebook.com\/VOKA3DAnatomyAndPathology\/\",\"https:\/\/www.instagram.com\/voka.io\/\",\"https:\/\/www.linkedin.com\/company\/voka-io\/\",\"https:\/\/www.youtube.com\/channel\/UCqGGuOEpr62ScH8Pjk2q5zw\/videos\",\"https:\/\/www.pinterest.com\/VokaAnatomyPro\/\",\"https:\/\/www.threads.com\/@voka.io\"],\"description\":\"VOKA.io offers 3D medical animations and custom 3D modeling services. Our product, VOKA 3D Anatomy & Pathology, is a digital atlas with over 1,000 detailed 3D models of human anatomy and pathology, designed for medical education, training, and patient communication.\",\"email\":\"info@voka.io\",\"telephone\":\"+1 814 351 4442\",\"legalName\":\"Voka 3D Anatomy & Pathology\",\"foundingDate\":\"2017-02-12\",\"naics\":\"541512\",\"numberOfEmployees\":{\"@type\":\"QuantitativeValue\",\"minValue\":\"51\",\"maxValue\":\"200\"},\"publishingPrinciples\":\"https:\/\/wiki.voka.io\/de\/redaktionsrichtlinien\/\"}]}<\/script>\n<!-- \/ Yoast SEO Premium plugin. -->","yoast_head_json":{"title":"Rachen: medizinische Definition und \u00dcberblick | Voka Wiki","description":"Der Rachen (Pharynx) ist ein muskul\u00f6ser, trichterf\u00f6rmiger Kanal, der die Verbindung zwischen Nasen- und Mundh\u00f6hle einerseits und Kehlkopf und Speiser\u00f6hre andererseits herstellt. Es handelt sich um eine besondere anatomische Region, in der sich die Atemwege und der Verdauungstrakt \u00fcberkreuzen und die gleichzeitig zu beiden Systemen geh\u00f6rt.","robots":{"index":"noindex","follow":"follow","max-snippet":"max-snippet:-1","max-image-preview":"max-image-preview:large","max-video-preview":"max-video-preview:-1"},"og_locale":"de_DE","og_type":"article","og_title":"Rachen","og_description":"Der Rachen (Pharynx) ist ein muskul\u00f6ser, trichterf\u00f6rmiger Kanal, der die Verbindung zwischen Nasen- und Mundh\u00f6hle einerseits und Kehlkopf und Speiser\u00f6hre andererseits herstellt. Es handelt sich um eine besondere anatomische Region, in der sich die Atemwege und der Verdauungstrakt \u00fcberkreuzen und die gleichzeitig zu beiden Systemen geh\u00f6rt.","og_url":"https:\/\/wiki.dev.voka.io\/de\/glossar\/rachen\/","og_site_name":"Voka Wiki","article_publisher":"https:\/\/www.facebook.com\/VOKA3DAnatomyAndPathology\/","article_modified_time":"2026-01-29T14:46:22+00:00","twitter_card":"summary_large_image","twitter_misc":{"Gesch\u00e4tzte Lesezeit":"2\u00a0Minuten"},"schema":{"@context":"https:\/\/schema.org","@graph":[{"@type":"WebPage","@id":"https:\/\/wiki.dev.voka.io\/de\/glossar\/rachen\/","url":"https:\/\/wiki.dev.voka.io\/de\/glossar\/rachen\/","name":"Rachen: medizinische Definition und \u00dcberblick | Voka Wiki","isPartOf":{"@id":"https:\/\/wiki.dev.voka.io\/de\/#website"},"datePublished":"2026-01-29T14:46:18+00:00","dateModified":"2026-01-29T14:46:22+00:00","description":"Der Rachen (Pharynx) ist ein muskul\u00f6ser, trichterf\u00f6rmiger Kanal, der die Verbindung zwischen Nasen- und Mundh\u00f6hle einerseits und Kehlkopf und Speiser\u00f6hre andererseits herstellt. Es handelt sich um eine besondere anatomische Region, in der sich die Atemwege und der Verdauungstrakt \u00fcberkreuzen und die gleichzeitig zu beiden Systemen geh\u00f6rt.","breadcrumb":{"@id":"https:\/\/wiki.dev.voka.io\/de\/glossar\/rachen\/#breadcrumb"},"inLanguage":"de","potentialAction":[{"@type":"ReadAction","target":["https:\/\/wiki.dev.voka.io\/de\/glossar\/rachen\/"]}]},{"@type":"BreadcrumbList","@id":"https:\/\/wiki.dev.voka.io\/de\/glossar\/rachen\/#breadcrumb","itemListElement":[{"@type":"ListItem","position":1,"name":"Home","item":"https:\/\/wiki.dev.voka.io\/de\/"},{"@type":"ListItem","position":2,"name":"Glossar","item":"https:\/\/wiki.dev.voka.io\/de\/glossar\/"},{"@type":"ListItem","position":3,"name":"Rachen"}]},{"@type":"WebSite","@id":"https:\/\/wiki.dev.voka.io\/de\/#website","url":"https:\/\/wiki.dev.voka.io\/de\/","name":"Voka Wiki","description":"","publisher":{"@id":"https:\/\/wiki.dev.voka.io\/de\/#organization"},"alternateName":"Anatomy & Pathology Wiki by VOKA","potentialAction":[{"@type":"SearchAction","target":{"@type":"EntryPoint","urlTemplate":"https:\/\/wiki.dev.voka.io\/de\/?s={search_term_string}"},"query-input":{"@type":"PropertyValueSpecification","valueRequired":true,"valueName":"search_term_string"}}],"inLanguage":"de"},{"@type":"Organization","@id":"https:\/\/wiki.dev.voka.io\/de\/#organization","name":"Voka 3D Anatomy & Pathology","alternateName":"VOKA","url":"https:\/\/wiki.dev.voka.io\/de\/","logo":{"@type":"ImageObject","inLanguage":"de","@id":"https:\/\/wiki.dev.voka.io\/de\/#\/schema\/logo\/image\/","url":"https:\/\/wiki.dev.voka.io\/wp-content\/uploads\/2025\/02\/cropped-voka-logo-1.png","contentUrl":"https:\/\/wiki.dev.voka.io\/wp-content\/uploads\/2025\/02\/cropped-voka-logo-1.png","width":70,"height":16,"caption":"Voka 3D Anatomy & Pathology"},"image":{"@id":"https:\/\/wiki.dev.voka.io\/de\/#\/schema\/logo\/image\/"},"sameAs":["https:\/\/www.facebook.com\/VOKA3DAnatomyAndPathology\/","https:\/\/www.instagram.com\/voka.io\/","https:\/\/www.linkedin.com\/company\/voka-io\/","https:\/\/www.youtube.com\/channel\/UCqGGuOEpr62ScH8Pjk2q5zw\/videos","https:\/\/www.pinterest.com\/VokaAnatomyPro\/","https:\/\/www.threads.com\/@voka.io"],"description":"VOKA.io offers 3D medical animations and custom 3D modeling services. Our product, VOKA 3D Anatomy & Pathology, is a digital atlas with over 1,000 detailed 3D models of human anatomy and pathology, designed for medical education, training, and patient communication.","email":"info@voka.io","telephone":"+1 814 351 4442","legalName":"Voka 3D Anatomy & Pathology","foundingDate":"2017-02-12","naics":"541512","numberOfEmployees":{"@type":"QuantitativeValue","minValue":"51","maxValue":"200"},"publishingPrinciples":"https:\/\/wiki.voka.io\/de\/redaktionsrichtlinien\/"}]}},"_links":{"self":[{"href":"https:\/\/wiki.dev.voka.io\/de\/wp-json\/wp\/v2\/glossary_item\/2423","targetHints":{"allow":["GET"]}}],"collection":[{"href":"https:\/\/wiki.dev.voka.io\/de\/wp-json\/wp\/v2\/glossary_item"}],"about":[{"href":"https:\/\/wiki.dev.voka.io\/de\/wp-json\/wp\/v2\/types\/glossary_item"}],"wp:attachment":[{"href":"https:\/\/wiki.dev.voka.io\/de\/wp-json\/wp\/v2\/media?parent=2423"}],"curies":[{"name":"wp","href":"https:\/\/api.w.org\/{rel}","templated":true}]}}